{"id":49,"date":"2013-11-05T12:11:29","date_gmt":"2013-11-05T12:11:29","guid":{"rendered":"http:\/\/buechereien-engelskirchen.de.w0112c5a.kasserver.com\/?page_id=49"},"modified":"2019-04-04T10:30:53","modified_gmt":"2019-04-04T09:30:53","slug":"galerie","status":"publish","type":"page","link":"https:\/\/buechereien-engelskirchen.de\/?page_id=49","title":{"rendered":"Galerie"},"content":{"rendered":"<p><span style=\"font-size: 14pt;\"><strong>2019<\/strong><\/span><\/p>\n<p>ngg_shortcode_0_placeholder<span style=\"font-size: 14pt;\"><strong>2018<\/strong><\/span><\/p>\n<p>ngg_shortcode_1_placeholder<span style=\"font-size: 14pt;\"><strong>2017<\/strong><\/span><\/p>\n<p>ngg_shortcode_2_placeholder<span style=\"font-size: 14pt;\"><strong>2016\t<div class=\"ngg-albumoverview default-view\">\n\t\t\t\t\t<div class=\"ngg-album-compact\">\n\t\t\t\t<div class=\"ngg-album-compactbox\">\n\t\t\t\t\t<div class=\"ngg-album-link\">\n\t\t\t\t\t\t\t\t\t\t\t\t\t\t\t\t\t\t\t\t\t<a title='Mitarbeiterfest in R\u00fcnderoth, Januar 2016' href='https:\/\/buechereien-engelskirchen.de\/index.php\/galerie\/2016\/mitarbeiterfest-in-ruenderoth-januar-2016?page_id=49'>\n\t\t\t\t\t\t\t\t\t<img class=\"Thumb\"\n\t\t\t\t\t\t\t\t\t\talt=\"Mitarbeiterfest in R\u00fcnderoth, Januar 2016\"\n\t\t\t\t\t\t\t\t\t\tsrc=\"https:\/\/buechereien-engelskirchen.de\/wp-content\/gallery\/mitarbeiterfest-in-ruenderoth-januar-2016\/cache\/IMG_4675.JPG-nggid03916-ngg0dyn-180x140x100-00f0w010c010r110f110r010t010.JPG?t=1554370160\"\/>\n\t\t\t\t\t\t\t\t<\/a>\n\t\t\t\t\t\t\t\t\t\t\t\t\t\t\t\t\t\t<\/div>\n\t\t\t\t<\/div>\n\t\t\t\t\t\t\t\t<h4>\n\t\t\t\t\t<a class='ngg-album-desc'\n\t\t\t\t\ttitle='Mitarbeiterfest in R\u00fcnderoth, Januar 2016' href='https:\/\/buechereien-engelskirchen.de\/index.php\/galerie\/2016\/mitarbeiterfest-in-ruenderoth-januar-2016?page_id=49'style=\"max-width: 200px\"\t\t\t\t\t>\n\t\t\t\t\t\tMitarbeiterfest in R\u00fcnderoth, Januar 2016\t\t\t\t\t<\/a>\n\t\t\t\t<\/h4>\n\t\t\t\t<p class=\"ngg-album-gallery-image-counter\">\n\t\t\t\t\t\t\t\t\t\t\t<strong>9<\/strong>&nbsp;Fotos\t\t\t\t\t\t\t\t\t<\/p>\n\t\t\t<\/div>\n\t\t\t\t\t<div class=\"ngg-album-compact\">\n\t\t\t\t<div class=\"ngg-album-compactbox\">\n\t\t\t\t\t<div class=\"ngg-album-link\">\n\t\t\t\t\t\t\t\t\t\t\t\t\t\t\t\t\t\t\t\t\t<a title='Literarische Weinlese in Engelskirchen, September 2016' href='https:\/\/buechereien-engelskirchen.de\/index.php\/galerie\/2016\/literarische-weinlese-in-engelskirchen-september-2016?page_id=49'>\n\t\t\t\t\t\t\t\t\t<img class=\"Thumb\"\n\t\t\t\t\t\t\t\t\t\talt=\"Literarische Weinlese in Engelskirchen, September 2016\"\n\t\t\t\t\t\t\t\t\t\tsrc=\"https:\/\/buechereien-engelskirchen.de\/wp-content\/gallery\/literarische-weinlese-in-engelskirchen-september-2016\/cache\/B%C3%BCchereien-Engelskirchen-Weinlese.jpg-nggid03918-ngg0dyn-180x140x100-00f0w010c010r110f110r010t010.jpg?t=1554202789\"\/>\n\t\t\t\t\t\t\t\t<\/a>\n\t\t\t\t\t\t\t\t\t\t\t\t\t\t\t\t\t\t<\/div>\n\t\t\t\t<\/div>\n\t\t\t\t\t\t\t\t<h4>\n\t\t\t\t\t<a class='ngg-album-desc'\n\t\t\t\t\ttitle='Literarische Weinlese in Engelskirchen, September 2016' href='https:\/\/buechereien-engelskirchen.de\/index.php\/galerie\/2016\/literarische-weinlese-in-engelskirchen-september-2016?page_id=49'style=\"max-width: 200px\"\t\t\t\t\t>\n\t\t\t\t\t\tLiterarische Weinlese in Engelskirchen, September 2016\t\t\t\t\t<\/a>\n\t\t\t\t<\/h4>\n\t\t\t\t<p class=\"ngg-album-gallery-image-counter\">\n\t\t\t\t\t\t\t\t\t\t\t<strong>17<\/strong>&nbsp;Fotos\t\t\t\t\t\t\t\t\t<\/p>\n\t\t\t<\/div>\n\t\t\t\t\t<div class=\"ngg-album-compact\">\n\t\t\t\t<div class=\"ngg-album-compactbox\">\n\t\t\t\t\t<div class=\"ngg-album-link\">\n\t\t\t\t\t\t\t\t\t\t\t\t\t\t\t\t\t\t\t\t\t<a title='B\u00fccher-Flohmarkt in R\u00fcnderoth, November 2016' href='https:\/\/buechereien-engelskirchen.de\/index.php\/galerie\/2016\/B\u00fccher-Flohmarkt-in-R\u00fcnderoth,-November-2016?page_id=49'>\n\t\t\t\t\t\t\t\t\t<img class=\"Thumb\"\n\t\t\t\t\t\t\t\t\t\talt=\"B\u00fccher-Flohmarkt in R\u00fcnderoth, November 2016\"\n\t\t\t\t\t\t\t\t\t\tsrc=\"https:\/\/buechereien-engelskirchen.de\/wp-content\/gallery\/buecher-flohmarkt-in-ruenderoth-november-2016\/cache\/P1020390.JPG-nggid03972-ngg0dyn-180x140x100-00f0w010c010r110f110r010t010.JPG?t=1554202789\"\/>\n\t\t\t\t\t\t\t\t<\/a>\n\t\t\t\t\t\t\t\t\t\t\t\t\t\t\t\t\t\t<\/div>\n\t\t\t\t<\/div>\n\t\t\t\t\t\t\t\t<h4>\n\t\t\t\t\t<a class='ngg-album-desc'\n\t\t\t\t\ttitle='B\u00fccher-Flohmarkt in R\u00fcnderoth, November 2016' href='https:\/\/buechereien-engelskirchen.de\/index.php\/galerie\/2016\/B\u00fccher-Flohmarkt-in-R\u00fcnderoth,-November-2016?page_id=49'style=\"max-width: 200px\"\t\t\t\t\t>\n\t\t\t\t\t\tB\u00fccher-Flohmarkt in R\u00fcnderoth, November 2016\t\t\t\t\t<\/a>\n\t\t\t\t<\/h4>\n\t\t\t\t<p class=\"ngg-album-gallery-image-counter\">\n\t\t\t\t\t\t\t\t\t\t\t<strong>5<\/strong>&nbsp;Fotos\t\t\t\t\t\t\t\t\t<\/p>\n\t\t\t<\/div>\n\t\t\t\t<br class=\"ngg-clear\"\/>\n\t\t<div class='ngg-clear'><\/div>\t<\/div>\n<\/strong><\/span><\/p>\n<p><span style=\"font-size: 14pt;\"><strong>2015\t<div class=\"ngg-albumoverview default-view\">\n\t\t\t\t\t<div class=\"ngg-album-compact\">\n\t\t\t\t<div class=\"ngg-album-compactbox\">\n\t\t\t\t\t<div class=\"ngg-album-link\">\n\t\t\t\t\t\t\t\t\t\t\t\t\t\t\t\t\t\t\t\t\t<a title='Mitarbeiterfest in Engelskirchen, Januar 2015' href='https:\/\/buechereien-engelskirchen.de\/index.php\/galerie\/2015\/mitarbeiterfest-in-engelskirchen-januar-2015?page_id=49'>\n\t\t\t\t\t\t\t\t\t<img class=\"Thumb\"\n\t\t\t\t\t\t\t\t\t\talt=\"Mitarbeiterfest in Engelskirchen, Januar 2015\"\n\t\t\t\t\t\t\t\t\t\tsrc=\"https:\/\/buechereien-engelskirchen.de\/wp-content\/gallery\/mitarbeiterfest-in-engelskirchen-januar-2015\/cache\/P1010881.JPG-nggid03834-ngg0dyn-180x140x100-00f0w010c010r110f110r010t010.JPG?t=1554370164\"\/>\n\t\t\t\t\t\t\t\t<\/a>\n\t\t\t\t\t\t\t\t\t\t\t\t\t\t\t\t\t\t<\/div>\n\t\t\t\t<\/div>\n\t\t\t\t\t\t\t\t<h4>\n\t\t\t\t\t<a class='ngg-album-desc'\n\t\t\t\t\ttitle='Mitarbeiterfest in Engelskirchen, Januar 2015' href='https:\/\/buechereien-engelskirchen.de\/index.php\/galerie\/2015\/mitarbeiterfest-in-engelskirchen-januar-2015?page_id=49'style=\"max-width: 200px\"\t\t\t\t\t>\n\t\t\t\t\t\tMitarbeiterfest in Engelskirchen, Januar 2015\t\t\t\t\t<\/a>\n\t\t\t\t<\/h4>\n\t\t\t\t<p class=\"ngg-album-gallery-image-counter\">\n\t\t\t\t\t\t\t\t\t\t\t<strong>8<\/strong>&nbsp;Fotos\t\t\t\t\t\t\t\t\t<\/p>\n\t\t\t<\/div>\n\t\t\t\t\t<div class=\"ngg-album-compact\">\n\t\t\t\t<div class=\"ngg-album-compactbox\">\n\t\t\t\t\t<div class=\"ngg-album-link\">\n\t\t\t\t\t\t\t\t\t\t\t\t\t\t\t\t\t\t\t\t\t<a title='Mitgliederausflug Schloss Homburg, M\u00e4rz 2015' href='https:\/\/buechereien-engelskirchen.de\/index.php\/galerie\/2015\/mitgliederausflug-schloss-homburg-maerz-2015?page_id=49'>\n\t\t\t\t\t\t\t\t\t<img class=\"Thumb\"\n\t\t\t\t\t\t\t\t\t\talt=\"Mitgliederausflug Schloss Homburg, M\u00e4rz 2015\"\n\t\t\t\t\t\t\t\t\t\tsrc=\"https:\/\/buechereien-engelskirchen.de\/wp-content\/gallery\/mitgliederausflug-schloss-homburg-maerz-2015\/cache\/IMG_3552.JPG-nggid03842-ngg0dyn-180x140x100-00f0w010c010r110f110r010t010.JPG?t=1554202790\"\/>\n\t\t\t\t\t\t\t\t<\/a>\n\t\t\t\t\t\t\t\t\t\t\t\t\t\t\t\t\t\t<\/div>\n\t\t\t\t<\/div>\n\t\t\t\t\t\t\t\t<h4>\n\t\t\t\t\t<a class='ngg-album-desc'\n\t\t\t\t\ttitle='Mitgliederausflug Schloss Homburg, M\u00e4rz 2015' href='https:\/\/buechereien-engelskirchen.de\/index.php\/galerie\/2015\/mitgliederausflug-schloss-homburg-maerz-2015?page_id=49'style=\"max-width: 200px\"\t\t\t\t\t>\n\t\t\t\t\t\tMitgliederausflug Schloss Homburg, M\u00e4rz 2015\t\t\t\t\t<\/a>\n\t\t\t\t<\/h4>\n\t\t\t\t<p class=\"ngg-album-gallery-image-counter\">\n\t\t\t\t\t\t\t\t\t\t\t<strong>15<\/strong>&nbsp;Fotos\t\t\t\t\t\t\t\t\t<\/p>\n\t\t\t<\/div>\n\t\t\t\t\t<div class=\"ngg-album-compact\">\n\t\t\t\t<div class=\"ngg-album-compactbox\">\n\t\t\t\t\t<div class=\"ngg-album-link\">\n\t\t\t\t\t\t\t\t\t\t\t\t\t\t\t\t\t\t\t\t\t<a title='Grundschule R\u00fcnderoth besucht die B\u00fccherei, April 2015' href='https:\/\/buechereien-engelskirchen.de\/index.php\/galerie\/2015\/grundschule-ruenderoth-besucht-die-buecherei-april-2015?page_id=49'>\n\t\t\t\t\t\t\t\t\t<img class=\"Thumb\"\n\t\t\t\t\t\t\t\t\t\talt=\"Grundschule R\u00fcnderoth besucht die B\u00fccherei, April 2015\"\n\t\t\t\t\t\t\t\t\t\tsrc=\"https:\/\/buechereien-engelskirchen.de\/wp-content\/gallery\/grundschule-ruenderoth-besucht-die-buecherei-april-2015\/cache\/P1010945.JPG-nggid03857-ngg0dyn-180x140x100-00f0w010c010r110f110r010t010.JPG?t=1554202790\"\/>\n\t\t\t\t\t\t\t\t<\/a>\n\t\t\t\t\t\t\t\t\t\t\t\t\t\t\t\t\t\t<\/div>\n\t\t\t\t<\/div>\n\t\t\t\t\t\t\t\t<h4>\n\t\t\t\t\t<a class='ngg-album-desc'\n\t\t\t\t\ttitle='Grundschule R\u00fcnderoth besucht die B\u00fccherei, April 2015' href='https:\/\/buechereien-engelskirchen.de\/index.php\/galerie\/2015\/grundschule-ruenderoth-besucht-die-buecherei-april-2015?page_id=49'style=\"max-width: 200px\"\t\t\t\t\t>\n\t\t\t\t\t\tGrundschule R\u00fcnderoth besucht die B\u00fccherei, April 2015\t\t\t\t\t<\/a>\n\t\t\t\t<\/h4>\n\t\t\t\t<p class=\"ngg-album-gallery-image-counter\">\n\t\t\t\t\t\t\t\t\t\t\t<strong>4<\/strong>&nbsp;Fotos\t\t\t\t\t\t\t\t\t<\/p>\n\t\t\t<\/div>\n\t\t\t\t\t<div class=\"ngg-album-compact\">\n\t\t\t\t<div class=\"ngg-album-compactbox\">\n\t\t\t\t\t<div class=\"ngg-album-link\">\n\t\t\t\t\t\t\t\t\t\t\t\t\t\t\t\t\t\t\t\t\t<a title='Kindergartenbesuch in Engelskirchen, Mai 2015' href='https:\/\/buechereien-engelskirchen.de\/index.php\/galerie\/2015\/kindergartenbesuch-in-engelskirchen-mai-2015?page_id=49'>\n\t\t\t\t\t\t\t\t\t<img class=\"Thumb\"\n\t\t\t\t\t\t\t\t\t\talt=\"Kindergartenbesuch in Engelskirchen, Mai 2015\"\n\t\t\t\t\t\t\t\t\t\tsrc=\"https:\/\/buechereien-engelskirchen.de\/wp-content\/gallery\/kindergartenbesuch-in-engelskirchen-mai-2015\/cache\/BILD1550.JPG-nggid03861-ngg0dyn-180x140x100-00f0w010c010r110f110r010t010.JPG?t=1554202790\"\/>\n\t\t\t\t\t\t\t\t<\/a>\n\t\t\t\t\t\t\t\t\t\t\t\t\t\t\t\t\t\t<\/div>\n\t\t\t\t<\/div>\n\t\t\t\t\t\t\t\t<h4>\n\t\t\t\t\t<a class='ngg-album-desc'\n\t\t\t\t\ttitle='Kindergartenbesuch in Engelskirchen, Mai 2015' href='https:\/\/buechereien-engelskirchen.de\/index.php\/galerie\/2015\/kindergartenbesuch-in-engelskirchen-mai-2015?page_id=49'style=\"max-width: 200px\"\t\t\t\t\t>\n\t\t\t\t\t\tKindergartenbesuch in Engelskirchen, Mai 2015\t\t\t\t\t<\/a>\n\t\t\t\t<\/h4>\n\t\t\t\t<p class=\"ngg-album-gallery-image-counter\">\n\t\t\t\t\t\t\t\t\t\t\t<strong>7<\/strong>&nbsp;Fotos\t\t\t\t\t\t\t\t\t<\/p>\n\t\t\t<\/div>\n\t\t\t\t\t<div class=\"ngg-album-compact\">\n\t\t\t\t<div class=\"ngg-album-compactbox\">\n\t\t\t\t\t<div class=\"ngg-album-link\">\n\t\t\t\t\t\t\t\t\t\t\t\t\t\t\t\t\t\t\t\t\t<a title='Ferienspa\u00df in Engelskirchen -Lamatrekking- Juli 2015' href='https:\/\/buechereien-engelskirchen.de\/index.php\/galerie\/2015\/ferienspass-in-engelskirchen-lamatrekking-juli-2015?page_id=49'>\n\t\t\t\t\t\t\t\t\t<img class=\"Thumb\"\n\t\t\t\t\t\t\t\t\t\talt=\"Ferienspa\u00df in Engelskirchen -Lamatrekking- Juli 2015\"\n\t\t\t\t\t\t\t\t\t\tsrc=\"https:\/\/buechereien-engelskirchen.de\/wp-content\/gallery\/ferienspass-in-engelskirchen-lamatrekking-juli-2015\/cache\/BILD1558.JPG-nggid03868-ngg0dyn-180x140x100-00f0w010c010r110f110r010t010.JPG?t=1554202790\"\/>\n\t\t\t\t\t\t\t\t<\/a>\n\t\t\t\t\t\t\t\t\t\t\t\t\t\t\t\t\t\t<\/div>\n\t\t\t\t<\/div>\n\t\t\t\t\t\t\t\t<h4>\n\t\t\t\t\t<a class='ngg-album-desc'\n\t\t\t\t\ttitle='Ferienspa\u00df in Engelskirchen -Lamatrekking- Juli 2015' href='https:\/\/buechereien-engelskirchen.de\/index.php\/galerie\/2015\/ferienspass-in-engelskirchen-lamatrekking-juli-2015?page_id=49'style=\"max-width: 200px\"\t\t\t\t\t>\n\t\t\t\t\t\tFerienspa\u00df in Engelskirchen -Lamatrekking- Juli 2015\t\t\t\t\t<\/a>\n\t\t\t\t<\/h4>\n\t\t\t\t<p class=\"ngg-album-gallery-image-counter\">\n\t\t\t\t\t\t\t\t\t\t\t<strong>14<\/strong>&nbsp;Fotos\t\t\t\t\t\t\t\t\t<\/p>\n\t\t\t<\/div>\n\t\t\t\t\t<div class=\"ngg-album-compact\">\n\t\t\t\t<div class=\"ngg-album-compactbox\">\n\t\t\t\t\t<div class=\"ngg-album-link\">\n\t\t\t\t\t\t\t\t\t\t\t\t\t\t\t\t\t\t\t\t\t<a title='&quot;B\u00fccherei vor Ort&quot; - Lesung mit Heike B\u00e4nsch, R\u00fcnderoth, Sept. 2015 ' href='https:\/\/buechereien-engelskirchen.de\/index.php\/galerie\/2015\/buecherei-vor-ort-lesung-mit-heike-baensch-ruenderoth-sept-2015?page_id=49'>\n\t\t\t\t\t\t\t\t\t<img class=\"Thumb\"\n\t\t\t\t\t\t\t\t\t\talt=\"&quot;B\u00fccherei vor Ort&quot; - Lesung mit Heike B\u00e4nsch, R\u00fcnderoth, Sept. 2015 \"\n\t\t\t\t\t\t\t\t\t\tsrc=\"https:\/\/buechereien-engelskirchen.de\/wp-content\/gallery\/buecherei-vor-ort-lesung-mit-heike-baensch-ruenderoth-sept-2015\/cache\/IMG_1614.jpg-nggid03892-ngg0dyn-180x140x100-00f0w010c010r110f110r010t010.jpg?t=1554202790\"\/>\n\t\t\t\t\t\t\t\t<\/a>\n\t\t\t\t\t\t\t\t\t\t\t\t\t\t\t\t\t\t<\/div>\n\t\t\t\t<\/div>\n\t\t\t\t\t\t\t\t<h4>\n\t\t\t\t\t<a class='ngg-album-desc'\n\t\t\t\t\ttitle='&quot;B\u00fccherei vor Ort&quot; - Lesung mit Heike B\u00e4nsch, R\u00fcnderoth, Sept. 2015 ' href='https:\/\/buechereien-engelskirchen.de\/index.php\/galerie\/2015\/buecherei-vor-ort-lesung-mit-heike-baensch-ruenderoth-sept-2015?page_id=49'style=\"max-width: 200px\"\t\t\t\t\t>\n\t\t\t\t\t\t\"B\u00fccherei vor Ort\" - Lesung mit Heike B\u00e4nsch, R\u00fcnderoth, Sept. 2015 \t\t\t\t\t<\/a>\n\t\t\t\t<\/h4>\n\t\t\t\t<p class=\"ngg-album-gallery-image-counter\">\n\t\t\t\t\t\t\t\t\t\t\t<strong>6<\/strong>&nbsp;Fotos\t\t\t\t\t\t\t\t\t<\/p>\n\t\t\t<\/div>\n\t\t\t\t\t<div class=\"ngg-album-compact\">\n\t\t\t\t<div class=\"ngg-album-compactbox\">\n\t\t\t\t\t<div class=\"ngg-album-link\">\n\t\t\t\t\t\t\t\t\t\t\t\t\t\t\t\t\t\t\t\t\t<a title='Literarisches Fr\u00fchst\u00fcck in R\u00fcnderoth, September 2015' href='https:\/\/buechereien-engelskirchen.de\/index.php\/galerie\/2015\/literarisches-fruehstueck-in-ruenderoth-september-2015?page_id=49'>\n\t\t\t\t\t\t\t\t\t<img class=\"Thumb\"\n\t\t\t\t\t\t\t\t\t\talt=\"Literarisches Fr\u00fchst\u00fcck in R\u00fcnderoth, September 2015\"\n\t\t\t\t\t\t\t\t\t\tsrc=\"https:\/\/buechereien-engelskirchen.de\/wp-content\/gallery\/literarisches-fruehstueck-in-ruenderoth-september-2015\/cache\/Fr%C3%BChst%C3%BCck-1.JPG-nggid03882-ngg0dyn-180x140x100-00f0w010c010r110f110r010t010.JPG?t=1554202790\"\/>\n\t\t\t\t\t\t\t\t<\/a>\n\t\t\t\t\t\t\t\t\t\t\t\t\t\t\t\t\t\t<\/div>\n\t\t\t\t<\/div>\n\t\t\t\t\t\t\t\t<h4>\n\t\t\t\t\t<a class='ngg-album-desc'\n\t\t\t\t\ttitle='Literarisches Fr\u00fchst\u00fcck in R\u00fcnderoth, September 2015' href='https:\/\/buechereien-engelskirchen.de\/index.php\/galerie\/2015\/literarisches-fruehstueck-in-ruenderoth-september-2015?page_id=49'style=\"max-width: 200px\"\t\t\t\t\t>\n\t\t\t\t\t\tLiterarisches Fr\u00fchst\u00fcck in R\u00fcnderoth, September 2015\t\t\t\t\t<\/a>\n\t\t\t\t<\/h4>\n\t\t\t\t<p class=\"ngg-album-gallery-image-counter\">\n\t\t\t\t\t\t\t\t\t\t\t<strong>16<\/strong>&nbsp;Fotos\t\t\t\t\t\t\t\t\t<\/p>\n\t\t\t<\/div>\n\t\t\t\t<br class=\"ngg-clear\"\/>\n\t\t<div class='ngg-clear'><\/div>\t<\/div>\n<\/strong><\/span><\/p>\n<p><span style=\"font-size: 14pt;\"><strong>2014\t<div class=\"ngg-albumoverview default-view\">\n\t\t\t\t\t<div class=\"ngg-album-compact\">\n\t\t\t\t<div class=\"ngg-album-compactbox\">\n\t\t\t\t\t<div class=\"ngg-album-link\">\n\t\t\t\t\t\t\t\t\t\t\t\t\t\t\t\t\t\t\t\t\t<a title='Literarisches Fr\u00fchst\u00fcck in Engelskirchen, November 2014' href='https:\/\/buechereien-engelskirchen.de\/index.php\/galerie\/2014\/literarisches-fruehstueck-engelskirchen-2014?page_id=49'>\n\t\t\t\t\t\t\t\t\t<img class=\"Thumb\"\n\t\t\t\t\t\t\t\t\t\talt=\"Literarisches Fr\u00fchst\u00fcck in Engelskirchen, November 2014\"\n\t\t\t\t\t\t\t\t\t\tsrc=\"https:\/\/buechereien-engelskirchen.de\/wp-content\/gallery\/literarisches-fruehstueck-engelskirchen-2014\/cache\/BILD1529.JPG-nggid03805-ngg0dyn-180x140x100-00f0w010c010r110f110r010t010.JPG?t=1554370161\"\/>\n\t\t\t\t\t\t\t\t<\/a>\n\t\t\t\t\t\t\t\t\t\t\t\t\t\t\t\t\t\t<\/div>\n\t\t\t\t<\/div>\n\t\t\t\t\t\t\t\t<h4>\n\t\t\t\t\t<a class='ngg-album-desc'\n\t\t\t\t\ttitle='Literarisches Fr\u00fchst\u00fcck in Engelskirchen, November 2014' href='https:\/\/buechereien-engelskirchen.de\/index.php\/galerie\/2014\/literarisches-fruehstueck-engelskirchen-2014?page_id=49'style=\"max-width: 200px\"\t\t\t\t\t>\n\t\t\t\t\t\tLiterarisches Fr\u00fchst\u00fcck in Engelskirchen, November 2014\t\t\t\t\t<\/a>\n\t\t\t\t<\/h4>\n\t\t\t\t<p class=\"ngg-album-gallery-image-counter\">\n\t\t\t\t\t\t\t\t\t\t\t<strong>9<\/strong>&nbsp;Fotos\t\t\t\t\t\t\t\t\t<\/p>\n\t\t\t<\/div>\n\t\t\t\t\t<div class=\"ngg-album-compact\">\n\t\t\t\t<div class=\"ngg-album-compactbox\">\n\t\t\t\t\t<div class=\"ngg-album-link\">\n\t\t\t\t\t\t\t\t\t\t\t\t\t\t\t\t\t\t\t\t\t<a title='B\u00fccher-Flohmarkt in R\u00fcnderoth, November 2014' href='https:\/\/buechereien-engelskirchen.de\/index.php\/galerie\/2014\/buecher-flohmarkt-in-ruenderoth-november-2014?page_id=49'>\n\t\t\t\t\t\t\t\t\t<img class=\"Thumb\"\n\t\t\t\t\t\t\t\t\t\talt=\"B\u00fccher-Flohmarkt in R\u00fcnderoth, November 2014\"\n\t\t\t\t\t\t\t\t\t\tsrc=\"https:\/\/buechereien-engelskirchen.de\/wp-content\/gallery\/buecher-flohmarkt-in-ruenderoth-november-2014\/cache\/P1010805.JPG-nggid03798-ngg0dyn-180x140x100-00f0w010c010r110f110r010t010.JPG?t=1554202791\"\/>\n\t\t\t\t\t\t\t\t<\/a>\n\t\t\t\t\t\t\t\t\t\t\t\t\t\t\t\t\t\t<\/div>\n\t\t\t\t<\/div>\n\t\t\t\t\t\t\t\t<h4>\n\t\t\t\t\t<a class='ngg-album-desc'\n\t\t\t\t\ttitle='B\u00fccher-Flohmarkt in R\u00fcnderoth, November 2014' href='https:\/\/buechereien-engelskirchen.de\/index.php\/galerie\/2014\/buecher-flohmarkt-in-ruenderoth-november-2014?page_id=49'style=\"max-width: 200px\"\t\t\t\t\t>\n\t\t\t\t\t\tB\u00fccher-Flohmarkt in R\u00fcnderoth, November 2014\t\t\t\t\t<\/a>\n\t\t\t\t<\/h4>\n\t\t\t\t<p class=\"ngg-album-gallery-image-counter\">\n\t\t\t\t\t\t\t\t\t\t\t<strong>6<\/strong>&nbsp;Fotos\t\t\t\t\t\t\t\t\t<\/p>\n\t\t\t<\/div>\n\t\t\t\t\t<div class=\"ngg-album-compact\">\n\t\t\t\t<div class=\"ngg-album-compactbox\">\n\t\t\t\t\t<div class=\"ngg-album-link\">\n\t\t\t\t\t\t\t\t\t\t\t\t\t\t\t\t\t\t\t\t\t<a title='Kinderfest zum 10. Geburtstag, Engelskirchen, September 2014' href='https:\/\/buechereien-engelskirchen.de\/index.php\/galerie\/2014\/kinderfest-zum-10-geburtstag-engelskirchen-september-2014?page_id=49'>\n\t\t\t\t\t\t\t\t\t<img class=\"Thumb\"\n\t\t\t\t\t\t\t\t\t\talt=\"Kinderfest zum 10. Geburtstag, Engelskirchen, September 2014\"\n\t\t\t\t\t\t\t\t\t\tsrc=\"https:\/\/buechereien-engelskirchen.de\/wp-content\/gallery\/kinderfest-zum-10-geburtstag-engelskirchen-september-2014\/cache\/IMG_1836.JPG-nggid03775-ngg0dyn-180x140x100-00f0w010c010r110f110r010t010.JPG?t=1554202791\"\/>\n\t\t\t\t\t\t\t\t<\/a>\n\t\t\t\t\t\t\t\t\t\t\t\t\t\t\t\t\t\t<\/div>\n\t\t\t\t<\/div>\n\t\t\t\t\t\t\t\t<h4>\n\t\t\t\t\t<a class='ngg-album-desc'\n\t\t\t\t\ttitle='Kinderfest zum 10. Geburtstag, Engelskirchen, September 2014' href='https:\/\/buechereien-engelskirchen.de\/index.php\/galerie\/2014\/kinderfest-zum-10-geburtstag-engelskirchen-september-2014?page_id=49'style=\"max-width: 200px\"\t\t\t\t\t>\n\t\t\t\t\t\tKinderfest zum 10. Geburtstag, Engelskirchen, September 2014\t\t\t\t\t<\/a>\n\t\t\t\t<\/h4>\n\t\t\t\t<p class=\"ngg-album-gallery-image-counter\">\n\t\t\t\t\t\t\t\t\t\t\t<strong>23<\/strong>&nbsp;Fotos\t\t\t\t\t\t\t\t\t<\/p>\n\t\t\t<\/div>\n\t\t\t\t\t<div class=\"ngg-album-compact\">\n\t\t\t\t<div class=\"ngg-album-compactbox\">\n\t\t\t\t\t<div class=\"ngg-album-link\">\n\t\t\t\t\t\t\t\t\t\t\t\t\t\t\t\t\t\t\t\t\t<a title='Jubil\u00e4umsveranstaltung zum 10-J\u00e4hrigen, September 2014' href='https:\/\/buechereien-engelskirchen.de\/index.php\/galerie\/2014\/jubilaeumsveranstaltung-zum-10-jaehrigen-september-2014?page_id=49'>\n\t\t\t\t\t\t\t\t\t<img class=\"Thumb\"\n\t\t\t\t\t\t\t\t\t\talt=\"Jubil\u00e4umsveranstaltung zum 10-J\u00e4hrigen, September 2014\"\n\t\t\t\t\t\t\t\t\t\tsrc=\"https:\/\/buechereien-engelskirchen.de\/wp-content\/gallery\/jubilaeumsveranstaltung-zum-10-jaehrigen-september-2014\/cache\/hds-25-09-14-109b.jpg-nggid03831-ngg0dyn-180x140x100-00f0w010c010r110f110r010t010.jpg?t=1554202791\"\/>\n\t\t\t\t\t\t\t\t<\/a>\n\t\t\t\t\t\t\t\t\t\t\t\t\t\t\t\t\t\t<\/div>\n\t\t\t\t<\/div>\n\t\t\t\t\t\t\t\t<h4>\n\t\t\t\t\t<a class='ngg-album-desc'\n\t\t\t\t\ttitle='Jubil\u00e4umsveranstaltung zum 10-J\u00e4hrigen, September 2014' href='https:\/\/buechereien-engelskirchen.de\/index.php\/galerie\/2014\/jubilaeumsveranstaltung-zum-10-jaehrigen-september-2014?page_id=49'style=\"max-width: 200px\"\t\t\t\t\t>\n\t\t\t\t\t\tJubil\u00e4umsveranstaltung zum 10-J\u00e4hrigen, September 2014\t\t\t\t\t<\/a>\n\t\t\t\t<\/h4>\n\t\t\t\t<p class=\"ngg-album-gallery-image-counter\">\n\t\t\t\t\t\t\t\t\t\t\t<strong>20<\/strong>&nbsp;Fotos\t\t\t\t\t\t\t\t\t<\/p>\n\t\t\t<\/div>\n\t\t\t\t\t<div class=\"ngg-album-compact\">\n\t\t\t\t<div class=\"ngg-album-compactbox\">\n\t\t\t\t\t<div class=\"ngg-album-link\">\n\t\t\t\t\t\t\t\t\t\t\t\t\t\t\t\t\t\t\t\t\t<a title='Lesecafe zum 10. Geburtstag, R\u00fcnderoth, September 2014' href='https:\/\/buechereien-engelskirchen.de\/index.php\/galerie\/2014\/lesecafe-zum-10-geburtstag-ruenderoth-september-2014?page_id=49'>\n\t\t\t\t\t\t\t\t\t<img class=\"Thumb\"\n\t\t\t\t\t\t\t\t\t\talt=\"Lesecafe zum 10. Geburtstag, R\u00fcnderoth, September 2014\"\n\t\t\t\t\t\t\t\t\t\tsrc=\"https:\/\/buechereien-engelskirchen.de\/wp-content\/gallery\/lesecafe-zum-10-geburtstag-ruenderoth-september-2014\/cache\/Lesecafe-Harry-Cremer.jpg-nggid03662-ngg0dyn-180x140x100-00f0w010c010r110f110r010t010.jpg?t=1554202791\"\/>\n\t\t\t\t\t\t\t\t<\/a>\n\t\t\t\t\t\t\t\t\t\t\t\t\t\t\t\t\t\t<\/div>\n\t\t\t\t<\/div>\n\t\t\t\t\t\t\t\t<h4>\n\t\t\t\t\t<a class='ngg-album-desc'\n\t\t\t\t\ttitle='Lesecafe zum 10. Geburtstag, R\u00fcnderoth, September 2014' href='https:\/\/buechereien-engelskirchen.de\/index.php\/galerie\/2014\/lesecafe-zum-10-geburtstag-ruenderoth-september-2014?page_id=49'style=\"max-width: 200px\"\t\t\t\t\t>\n\t\t\t\t\t\tLesecafe zum 10. Geburtstag, R\u00fcnderoth, September 2014\t\t\t\t\t<\/a>\n\t\t\t\t<\/h4>\n\t\t\t\t<p class=\"ngg-album-gallery-image-counter\">\n\t\t\t\t\t\t\t\t\t\t\t<strong>8<\/strong>&nbsp;Fotos\t\t\t\t\t\t\t\t\t<\/p>\n\t\t\t<\/div>\n\t\t\t\t\t<div class=\"ngg-album-compact\">\n\t\t\t\t<div class=\"ngg-album-compactbox\">\n\t\t\t\t\t<div class=\"ngg-album-link\">\n\t\t\t\t\t\t\t\t\t\t\t\t\t\t\t\t\t\t\t\t\t<a title='B\u00fccher-Flohmarkt in Engelskirchen, Juni 2014' href='https:\/\/buechereien-engelskirchen.de\/index.php\/galerie\/2014\/buecher-flohmarkt-in-engelskirchen-juni-2014?page_id=49'>\n\t\t\t\t\t\t\t\t\t<img class=\"Thumb\"\n\t\t\t\t\t\t\t\t\t\talt=\"B\u00fccher-Flohmarkt in Engelskirchen, Juni 2014\"\n\t\t\t\t\t\t\t\t\t\tsrc=\"https:\/\/buechereien-engelskirchen.de\/wp-content\/gallery\/buecher-flohmarkt-in-engelskirchen-juni-2014\/cache\/BILD1526.JPG-nggid03653-ngg0dyn-180x140x100-00f0w010c010r110f110r010t010.JPG?t=1554202791\"\/>\n\t\t\t\t\t\t\t\t<\/a>\n\t\t\t\t\t\t\t\t\t\t\t\t\t\t\t\t\t\t<\/div>\n\t\t\t\t<\/div>\n\t\t\t\t\t\t\t\t<h4>\n\t\t\t\t\t<a class='ngg-album-desc'\n\t\t\t\t\ttitle='B\u00fccher-Flohmarkt in Engelskirchen, Juni 2014' href='https:\/\/buechereien-engelskirchen.de\/index.php\/galerie\/2014\/buecher-flohmarkt-in-engelskirchen-juni-2014?page_id=49'style=\"max-width: 200px\"\t\t\t\t\t>\n\t\t\t\t\t\tB\u00fccher-Flohmarkt in Engelskirchen, Juni 2014\t\t\t\t\t<\/a>\n\t\t\t\t<\/h4>\n\t\t\t\t<p class=\"ngg-album-gallery-image-counter\">\n\t\t\t\t\t\t\t\t\t\t\t<strong>3<\/strong>&nbsp;Fotos\t\t\t\t\t\t\t\t\t<\/p>\n\t\t\t<\/div>\n\t\t\t\t\t<div class=\"ngg-album-compact\">\n\t\t\t\t<div class=\"ngg-album-compactbox\">\n\t\t\t\t\t<div class=\"ngg-album-link\">\n\t\t\t\t\t\t\t\t\t\t\t\t\t\t\t\t\t\t\t\t\t<a title='Kinderlesung in Engelskirchen, Juni 2014' href='https:\/\/buechereien-engelskirchen.de\/index.php\/galerie\/2014\/kinderlesung-in-engelskirchen-juni-2014?page_id=49'>\n\t\t\t\t\t\t\t\t\t<img class=\"Thumb\"\n\t\t\t\t\t\t\t\t\t\talt=\"Kinderlesung in Engelskirchen, Juni 2014\"\n\t\t\t\t\t\t\t\t\t\tsrc=\"https:\/\/buechereien-engelskirchen.de\/wp-content\/gallery\/kinderlesung-in-engelskirchen-juni-2014\/cache\/IMG_1645.JPG-nggid03676-ngg0dyn-180x140x100-00f0w010c010r110f110r010t010.JPG?t=1554202791\"\/>\n\t\t\t\t\t\t\t\t<\/a>\n\t\t\t\t\t\t\t\t\t\t\t\t\t\t\t\t\t\t<\/div>\n\t\t\t\t<\/div>\n\t\t\t\t\t\t\t\t<h4>\n\t\t\t\t\t<a class='ngg-album-desc'\n\t\t\t\t\ttitle='Kinderlesung in Engelskirchen, Juni 2014' href='https:\/\/buechereien-engelskirchen.de\/index.php\/galerie\/2014\/kinderlesung-in-engelskirchen-juni-2014?page_id=49'style=\"max-width: 200px\"\t\t\t\t\t>\n\t\t\t\t\t\tKinderlesung in Engelskirchen, Juni 2014\t\t\t\t\t<\/a>\n\t\t\t\t<\/h4>\n\t\t\t\t<p class=\"ngg-album-gallery-image-counter\">\n\t\t\t\t\t\t\t\t\t\t\t<strong>5<\/strong>&nbsp;Fotos\t\t\t\t\t\t\t\t\t<\/p>\n\t\t\t<\/div>\n\t\t\t\t\t<div class=\"ngg-album-compact\">\n\t\t\t\t<div class=\"ngg-album-compactbox\">\n\t\t\t\t\t<div class=\"ngg-album-link\">\n\t\t\t\t\t\t\t\t\t\t\t\t\t\t\t\t\t\t\t\t\t<a title='Mitgliederausflug Metabolon, M\u00e4rz 2014' href='https:\/\/buechereien-engelskirchen.de\/index.php\/galerie\/2014\/mitgliederausflug-metabolon-maerz-2014?page_id=49'>\n\t\t\t\t\t\t\t\t\t<img class=\"Thumb\"\n\t\t\t\t\t\t\t\t\t\talt=\"Mitgliederausflug Metabolon, M\u00e4rz 2014\"\n\t\t\t\t\t\t\t\t\t\tsrc=\"https:\/\/buechereien-engelskirchen.de\/wp-content\/gallery\/mitgliederausflug-metabolon-maerz-2014\/cache\/Metabolon-6.JPG-nggid03706-ngg0dyn-180x140x100-00f0w010c010r110f110r010t010.JPG?t=1554202791\"\/>\n\t\t\t\t\t\t\t\t<\/a>\n\t\t\t\t\t\t\t\t\t\t\t\t\t\t\t\t\t\t<\/div>\n\t\t\t\t<\/div>\n\t\t\t\t\t\t\t\t<h4>\n\t\t\t\t\t<a class='ngg-album-desc'\n\t\t\t\t\ttitle='Mitgliederausflug Metabolon, M\u00e4rz 2014' href='https:\/\/buechereien-engelskirchen.de\/index.php\/galerie\/2014\/mitgliederausflug-metabolon-maerz-2014?page_id=49'style=\"max-width: 200px\"\t\t\t\t\t>\n\t\t\t\t\t\tMitgliederausflug Metabolon, M\u00e4rz 2014\t\t\t\t\t<\/a>\n\t\t\t\t<\/h4>\n\t\t\t\t<p class=\"ngg-album-gallery-image-counter\">\n\t\t\t\t\t\t\t\t\t\t\t<strong>12<\/strong>&nbsp;Fotos\t\t\t\t\t\t\t\t\t<\/p>\n\t\t\t<\/div>\n\t\t\t\t\t<div class=\"ngg-album-compact\">\n\t\t\t\t<div class=\"ngg-album-compactbox\">\n\t\t\t\t\t<div class=\"ngg-album-link\">\n\t\t\t\t\t\t\t\t\t\t\t\t\t\t\t\t\t\t\t\t\t<a title='Mitarbeiterfest in R\u00fcnderoth, Januar 2014' href='https:\/\/buechereien-engelskirchen.de\/index.php\/galerie\/2014\/mitarbeiterfest-in-ruenderoth-januar-2014?page_id=49'>\n\t\t\t\t\t\t\t\t\t<img class=\"Thumb\"\n\t\t\t\t\t\t\t\t\t\talt=\"Mitarbeiterfest in R\u00fcnderoth, Januar 2014\"\n\t\t\t\t\t\t\t\t\t\tsrc=\"https:\/\/buechereien-engelskirchen.de\/wp-content\/gallery\/mitarbeiterfest-in-ruenderoth-januar-2014\/cache\/P1010533.JPG-nggid03691-ngg0dyn-180x140x100-00f0w010c010r110f110r010t010.JPG?t=1554202792\"\/>\n\t\t\t\t\t\t\t\t<\/a>\n\t\t\t\t\t\t\t\t\t\t\t\t\t\t\t\t\t\t<\/div>\n\t\t\t\t<\/div>\n\t\t\t\t\t\t\t\t<h4>\n\t\t\t\t\t<a class='ngg-album-desc'\n\t\t\t\t\ttitle='Mitarbeiterfest in R\u00fcnderoth, Januar 2014' href='https:\/\/buechereien-engelskirchen.de\/index.php\/galerie\/2014\/mitarbeiterfest-in-ruenderoth-januar-2014?page_id=49'style=\"max-width: 200px\"\t\t\t\t\t>\n\t\t\t\t\t\tMitarbeiterfest in R\u00fcnderoth, Januar 2014\t\t\t\t\t<\/a>\n\t\t\t\t<\/h4>\n\t\t\t\t<p class=\"ngg-album-gallery-image-counter\">\n\t\t\t\t\t\t\t\t\t\t\t<strong>8<\/strong>&nbsp;Fotos\t\t\t\t\t\t\t\t\t<\/p>\n\t\t\t<\/div>\n\t\t\t\t<br class=\"ngg-clear\"\/>\n\t\t<div class='ngg-clear'><\/div>\t<\/div>\n<\/strong><\/span><\/p>\n<p>&nbsp;<\/p>\n<p><strong><span style=\"font-size: 18px;\">2013\t<div class=\"ngg-albumoverview default-view\">\n\t\t\t\t\t<div class=\"ngg-album-compact\">\n\t\t\t\t<div class=\"ngg-album-compactbox\">\n\t\t\t\t\t<div class=\"ngg-album-link\">\n\t\t\t\t\t\t\t\t\t\t\t\t\t\t\t\t\t\t\t\t\t<a title='Einladung zum Christkindmarkt, Dezember 2013' href='https:\/\/buechereien-engelskirchen.de\/index.php\/galerie\/2013\/einladung-zum-christkindmarkt-dezember-2013?page_id=49'>\n\t\t\t\t\t\t\t\t\t<img class=\"Thumb\"\n\t\t\t\t\t\t\t\t\t\talt=\"Einladung zum Christkindmarkt, Dezember 2013\"\n\t\t\t\t\t\t\t\t\t\tsrc=\"https:\/\/buechereien-engelskirchen.de\/wp-content\/gallery\/einladung-zum-christkindmarkt-dezember-2013\/cache\/IMG-20131213-WA0000.jpg-nggid03643-ngg0dyn-180x140x100-00f0w010c010r110f110r010t010.jpg?t=1554370162\"\/>\n\t\t\t\t\t\t\t\t<\/a>\n\t\t\t\t\t\t\t\t\t\t\t\t\t\t\t\t\t\t<\/div>\n\t\t\t\t<\/div>\n\t\t\t\t\t\t\t\t<h4>\n\t\t\t\t\t<a class='ngg-album-desc'\n\t\t\t\t\ttitle='Einladung zum Christkindmarkt, Dezember 2013' href='https:\/\/buechereien-engelskirchen.de\/index.php\/galerie\/2013\/einladung-zum-christkindmarkt-dezember-2013?page_id=49'style=\"max-width: 200px\"\t\t\t\t\t>\n\t\t\t\t\t\tEinladung zum Christkindmarkt, Dezember 2013\t\t\t\t\t<\/a>\n\t\t\t\t<\/h4>\n\t\t\t\t<p class=\"ngg-album-gallery-image-counter\">\n\t\t\t\t\t\t\t\t\t\t\t<strong>1<\/strong>&nbsp;Fotos\t\t\t\t\t\t\t\t\t<\/p>\n\t\t\t<\/div>\n\t\t\t\t\t<div class=\"ngg-album-compact\">\n\t\t\t\t<div class=\"ngg-album-compactbox\">\n\t\t\t\t\t<div class=\"ngg-album-link\">\n\t\t\t\t\t\t\t\t\t\t\t\t\t\t\t\t\t\t\t\t\t<a title='Ferienspa\u00df in Engelskirchen -Aggertalh\u00f6hle- August 2013' href='https:\/\/buechereien-engelskirchen.de\/index.php\/galerie\/2013\/ferienspass-in-engelskirchen-aggertalhoehle-august-2013?page_id=49'>\n\t\t\t\t\t\t\t\t\t<img class=\"Thumb\"\n\t\t\t\t\t\t\t\t\t\talt=\"Ferienspa\u00df in Engelskirchen -Aggertalh\u00f6hle- August 2013\"\n\t\t\t\t\t\t\t\t\t\tsrc=\"https:\/\/buechereien-engelskirchen.de\/wp-content\/gallery\/ferienspass-in-engelskirchen-aggertalhoehle-august-2013\/cache\/bild1193.jpg-nggid03381-ngg0dyn-180x140x100-00f0w010c010r110f110r010t010.jpg?t=1554202792\"\/>\n\t\t\t\t\t\t\t\t<\/a>\n\t\t\t\t\t\t\t\t\t\t\t\t\t\t\t\t\t\t<\/div>\n\t\t\t\t<\/div>\n\t\t\t\t\t\t\t\t<h4>\n\t\t\t\t\t<a class='ngg-album-desc'\n\t\t\t\t\ttitle='Ferienspa\u00df in Engelskirchen -Aggertalh\u00f6hle- August 2013' href='https:\/\/buechereien-engelskirchen.de\/index.php\/galerie\/2013\/ferienspass-in-engelskirchen-aggertalhoehle-august-2013?page_id=49'style=\"max-width: 200px\"\t\t\t\t\t>\n\t\t\t\t\t\tFerienspa\u00df in Engelskirchen -Aggertalh\u00f6hle- August 2013\t\t\t\t\t<\/a>\n\t\t\t\t<\/h4>\n\t\t\t\t<p class=\"ngg-album-gallery-image-counter\">\n\t\t\t\t\t\t\t\t\t\t\t<strong>10<\/strong>&nbsp;Fotos\t\t\t\t\t\t\t\t\t<\/p>\n\t\t\t<\/div>\n\t\t\t\t\t<div class=\"ngg-album-compact\">\n\t\t\t\t<div class=\"ngg-album-compactbox\">\n\t\t\t\t\t<div class=\"ngg-album-link\">\n\t\t\t\t\t\t\t\t\t\t\t\t\t\t\t\t\t\t\t\t\t<a title='Literarisches Fr\u00fchst\u00fcck in R\u00fcnderoth, Juni 2013' href='https:\/\/buechereien-engelskirchen.de\/index.php\/galerie\/2013\/literarisches-fruehstueck-in-ruenderoth-juni-2013?page_id=49'>\n\t\t\t\t\t\t\t\t\t<img class=\"Thumb\"\n\t\t\t\t\t\t\t\t\t\talt=\"Literarisches Fr\u00fchst\u00fcck in R\u00fcnderoth, Juni 2013\"\n\t\t\t\t\t\t\t\t\t\tsrc=\"https:\/\/buechereien-engelskirchen.de\/wp-content\/gallery\/literarisches-fruehstueck-in-ruenderoth-juni-2013\/cache\/bild0013.jpg-nggid03471-ngg0dyn-180x140x100-00f0w010c010r110f110r010t010.jpg?t=1554202792\"\/>\n\t\t\t\t\t\t\t\t<\/a>\n\t\t\t\t\t\t\t\t\t\t\t\t\t\t\t\t\t\t<\/div>\n\t\t\t\t<\/div>\n\t\t\t\t\t\t\t\t<h4>\n\t\t\t\t\t<a class='ngg-album-desc'\n\t\t\t\t\ttitle='Literarisches Fr\u00fchst\u00fcck in R\u00fcnderoth, Juni 2013' href='https:\/\/buechereien-engelskirchen.de\/index.php\/galerie\/2013\/literarisches-fruehstueck-in-ruenderoth-juni-2013?page_id=49'style=\"max-width: 200px\"\t\t\t\t\t>\n\t\t\t\t\t\tLiterarisches Fr\u00fchst\u00fcck in R\u00fcnderoth, Juni 2013\t\t\t\t\t<\/a>\n\t\t\t\t<\/h4>\n\t\t\t\t<p class=\"ngg-album-gallery-image-counter\">\n\t\t\t\t\t\t\t\t\t\t\t<strong>11<\/strong>&nbsp;Fotos\t\t\t\t\t\t\t\t\t<\/p>\n\t\t\t<\/div>\n\t\t\t\t\t<div class=\"ngg-album-compact\">\n\t\t\t\t<div class=\"ngg-album-compactbox\">\n\t\t\t\t\t<div class=\"ngg-album-link\">\n\t\t\t\t\t\t\t\t\t\t\t\t\t\t\t\t\t\t\t\t\t<a title='B\u00fccher-Flohmarkt in Engelskirchen, Juni 2013' href='https:\/\/buechereien-engelskirchen.de\/index.php\/galerie\/2013\/buecher-flohmarkt-in-engelskirchen-juni-2013?page_id=49'>\n\t\t\t\t\t\t\t\t\t<img class=\"Thumb\"\n\t\t\t\t\t\t\t\t\t\talt=\"B\u00fccher-Flohmarkt in Engelskirchen, Juni 2013\"\n\t\t\t\t\t\t\t\t\t\tsrc=\"https:\/\/buechereien-engelskirchen.de\/wp-content\/gallery\/buecher-flohmarkt-in-engelskirchen-juni-2013\/cache\/bild0396.jpg-nggid03334-ngg0dyn-180x140x100-00f0w010c010r110f110r010t010.jpg?t=1554202792\"\/>\n\t\t\t\t\t\t\t\t<\/a>\n\t\t\t\t\t\t\t\t\t\t\t\t\t\t\t\t\t\t<\/div>\n\t\t\t\t<\/div>\n\t\t\t\t\t\t\t\t<h4>\n\t\t\t\t\t<a class='ngg-album-desc'\n\t\t\t\t\ttitle='B\u00fccher-Flohmarkt in Engelskirchen, Juni 2013' href='https:\/\/buechereien-engelskirchen.de\/index.php\/galerie\/2013\/buecher-flohmarkt-in-engelskirchen-juni-2013?page_id=49'style=\"max-width: 200px\"\t\t\t\t\t>\n\t\t\t\t\t\tB\u00fccher-Flohmarkt in Engelskirchen, Juni 2013\t\t\t\t\t<\/a>\n\t\t\t\t<\/h4>\n\t\t\t\t<p class=\"ngg-album-gallery-image-counter\">\n\t\t\t\t\t\t\t\t\t\t\t<strong>3<\/strong>&nbsp;Fotos\t\t\t\t\t\t\t\t\t<\/p>\n\t\t\t<\/div>\n\t\t\t\t\t<div class=\"ngg-album-compact\">\n\t\t\t\t<div class=\"ngg-album-compactbox\">\n\t\t\t\t\t<div class=\"ngg-album-link\">\n\t\t\t\t\t\t\t\t\t\t\t\t\t\t\t\t\t\t\t\t\t<a title='Einladung Brauereiweg K\u00f6ln, Mai 2013' href='https:\/\/buechereien-engelskirchen.de\/index.php\/galerie\/2013\/einladung-brauereiweg-koeln-mai-2013?page_id=49'>\n\t\t\t\t\t\t\t\t\t<img class=\"Thumb\"\n\t\t\t\t\t\t\t\t\t\talt=\"Einladung Brauereiweg K\u00f6ln, Mai 2013\"\n\t\t\t\t\t\t\t\t\t\tsrc=\"https:\/\/buechereien-engelskirchen.de\/wp-content\/gallery\/einladung-brauereiweg-koeln-mai-2013\/cache\/CDU-Brauereiweg-Mai-2013-002.jpg-nggid03639-ngg0dyn-180x140x100-00f0w010c010r110f110r010t010.jpg?t=1554202792\"\/>\n\t\t\t\t\t\t\t\t<\/a>\n\t\t\t\t\t\t\t\t\t\t\t\t\t\t\t\t\t\t<\/div>\n\t\t\t\t<\/div>\n\t\t\t\t\t\t\t\t<h4>\n\t\t\t\t\t<a class='ngg-album-desc'\n\t\t\t\t\ttitle='Einladung Brauereiweg K\u00f6ln, Mai 2013' href='https:\/\/buechereien-engelskirchen.de\/index.php\/galerie\/2013\/einladung-brauereiweg-koeln-mai-2013?page_id=49'style=\"max-width: 200px\"\t\t\t\t\t>\n\t\t\t\t\t\tEinladung Brauereiweg K\u00f6ln, Mai 2013\t\t\t\t\t<\/a>\n\t\t\t\t<\/h4>\n\t\t\t\t<p class=\"ngg-album-gallery-image-counter\">\n\t\t\t\t\t\t\t\t\t\t\t<strong>4<\/strong>&nbsp;Fotos\t\t\t\t\t\t\t\t\t<\/p>\n\t\t\t<\/div>\n\t\t\t\t\t<div class=\"ngg-album-compact\">\n\t\t\t\t<div class=\"ngg-album-compactbox\">\n\t\t\t\t\t<div class=\"ngg-album-link\">\n\t\t\t\t\t\t\t\t\t\t\t\t\t\t\t\t\t\t\t\t\t<a title='Mitgliederausflug M\u00fcllenbach, M\u00e4rz 2013' href='https:\/\/buechereien-engelskirchen.de\/index.php\/galerie\/2013\/mitgliederausflug-muellenbach-maerz-2013?page_id=49'>\n\t\t\t\t\t\t\t\t\t<img class=\"Thumb\"\n\t\t\t\t\t\t\t\t\t\talt=\"Mitgliederausflug M\u00fcllenbach, M\u00e4rz 2013\"\n\t\t\t\t\t\t\t\t\t\tsrc=\"https:\/\/buechereien-engelskirchen.de\/wp-content\/gallery\/mitgliederausflug-muellenbach-maerz-2013\/cache\/bild0375.jpg-nggid03526-ngg0dyn-180x140x100-00f0w010c010r110f110r010t010.jpg?t=1554202792\"\/>\n\t\t\t\t\t\t\t\t<\/a>\n\t\t\t\t\t\t\t\t\t\t\t\t\t\t\t\t\t\t<\/div>\n\t\t\t\t<\/div>\n\t\t\t\t\t\t\t\t<h4>\n\t\t\t\t\t<a class='ngg-album-desc'\n\t\t\t\t\ttitle='Mitgliederausflug M\u00fcllenbach, M\u00e4rz 2013' href='https:\/\/buechereien-engelskirchen.de\/index.php\/galerie\/2013\/mitgliederausflug-muellenbach-maerz-2013?page_id=49'style=\"max-width: 200px\"\t\t\t\t\t>\n\t\t\t\t\t\tMitgliederausflug M\u00fcllenbach, M\u00e4rz 2013\t\t\t\t\t<\/a>\n\t\t\t\t<\/h4>\n\t\t\t\t<p class=\"ngg-album-gallery-image-counter\">\n\t\t\t\t\t\t\t\t\t\t\t<strong>15<\/strong>&nbsp;Fotos\t\t\t\t\t\t\t\t\t<\/p>\n\t\t\t<\/div>\n\t\t\t\t\t<div class=\"ngg-album-compact\">\n\t\t\t\t<div class=\"ngg-album-compactbox\">\n\t\t\t\t\t<div class=\"ngg-album-link\">\n\t\t\t\t\t\t\t\t\t\t\t\t\t\t\t\t\t\t\t\t\t<a title='Mitgliederversammlung, M\u00e4rz 2013' href='https:\/\/buechereien-engelskirchen.de\/index.php\/galerie\/2013\/mitgliederversammlung-maerz-2013?page_id=49'>\n\t\t\t\t\t\t\t\t\t<img class=\"Thumb\"\n\t\t\t\t\t\t\t\t\t\talt=\"Mitgliederversammlung, M\u00e4rz 2013\"\n\t\t\t\t\t\t\t\t\t\tsrc=\"https:\/\/buechereien-engelskirchen.de\/wp-content\/gallery\/mitgliederversammlung-maerz-2013\/cache\/bild0364.jpg-nggid03548-ngg0dyn-180x140x100-00f0w010c010r110f110r010t010.jpg?t=1554202792\"\/>\n\t\t\t\t\t\t\t\t<\/a>\n\t\t\t\t\t\t\t\t\t\t\t\t\t\t\t\t\t\t<\/div>\n\t\t\t\t<\/div>\n\t\t\t\t\t\t\t\t<h4>\n\t\t\t\t\t<a class='ngg-album-desc'\n\t\t\t\t\ttitle='Mitgliederversammlung, M\u00e4rz 2013' href='https:\/\/buechereien-engelskirchen.de\/index.php\/galerie\/2013\/mitgliederversammlung-maerz-2013?page_id=49'style=\"max-width: 200px\"\t\t\t\t\t>\n\t\t\t\t\t\tMitgliederversammlung, M\u00e4rz 2013\t\t\t\t\t<\/a>\n\t\t\t\t<\/h4>\n\t\t\t\t<p class=\"ngg-album-gallery-image-counter\">\n\t\t\t\t\t\t\t\t\t\t\t<strong>4<\/strong>&nbsp;Fotos\t\t\t\t\t\t\t\t\t<\/p>\n\t\t\t<\/div>\n\t\t\t\t<br class=\"ngg-clear\"\/>\n\t\t<div class='ngg-clear'><\/div>\t<\/div>\n<\/span><\/strong><\/p>\n<p>&nbsp;<\/p>\n<p><strong><span style=\"font-size: 18px;\">2012\t<div class=\"ngg-albumoverview default-view\">\n\t\t\t\t\t<div class=\"ngg-album-compact\">\n\t\t\t\t<div class=\"ngg-album-compactbox\">\n\t\t\t\t\t<div class=\"ngg-album-link\">\n\t\t\t\t\t\t\t\t\t\t\t\t\t\t\t\t\t\t\t\t\t<a title='Literarisches Fr\u00fchst\u00fcck in Engelskirchen, November 2012' href='https:\/\/buechereien-engelskirchen.de\/index.php\/galerie\/2012\/literarisches-fruehstueck-in-engelskirchen-november-2012?page_id=49'>\n\t\t\t\t\t\t\t\t\t<img class=\"Thumb\"\n\t\t\t\t\t\t\t\t\t\talt=\"Literarisches Fr\u00fchst\u00fcck in Engelskirchen, November 2012\"\n\t\t\t\t\t\t\t\t\t\tsrc=\"https:\/\/buechereien-engelskirchen.de\/wp-content\/gallery\/literarisches-fruehstueck-in-engelskirchen-november-2012\/cache\/bild0234.jpg-nggid03469-ngg0dyn-180x140x100-00f0w010c010r110f110r010t010.jpg?t=1554370163\"\/>\n\t\t\t\t\t\t\t\t<\/a>\n\t\t\t\t\t\t\t\t\t\t\t\t\t\t\t\t\t\t<\/div>\n\t\t\t\t<\/div>\n\t\t\t\t\t\t\t\t<h4>\n\t\t\t\t\t<a class='ngg-album-desc'\n\t\t\t\t\ttitle='Literarisches Fr\u00fchst\u00fcck in Engelskirchen, November 2012' href='https:\/\/buechereien-engelskirchen.de\/index.php\/galerie\/2012\/literarisches-fruehstueck-in-engelskirchen-november-2012?page_id=49'style=\"max-width: 200px\"\t\t\t\t\t>\n\t\t\t\t\t\tLiterarisches Fr\u00fchst\u00fcck in Engelskirchen, November 2012\t\t\t\t\t<\/a>\n\t\t\t\t<\/h4>\n\t\t\t\t<p class=\"ngg-album-gallery-image-counter\">\n\t\t\t\t\t\t\t\t\t\t\t<strong>8<\/strong>&nbsp;Fotos\t\t\t\t\t\t\t\t\t<\/p>\n\t\t\t<\/div>\n\t\t\t\t\t<div class=\"ngg-album-compact\">\n\t\t\t\t<div class=\"ngg-album-compactbox\">\n\t\t\t\t\t<div class=\"ngg-album-link\">\n\t\t\t\t\t\t\t\t\t\t\t\t\t\t\t\t\t\t\t\t\t<a title='Einladung nach Berlin, November 2012' href='https:\/\/buechereien-engelskirchen.de\/index.php\/galerie\/2012\/einladung-nach-berlin-november-2012?page_id=49'>\n\t\t\t\t\t\t\t\t\t<img class=\"Thumb\"\n\t\t\t\t\t\t\t\t\t\talt=\"Einladung nach Berlin, November 2012\"\n\t\t\t\t\t\t\t\t\t\tsrc=\"https:\/\/buechereien-engelskirchen.de\/wp-content\/gallery\/einladung-nach-berlin-november-2012\/cache\/BILD0259.JPG-nggid03609-ngg0dyn-180x140x100-00f0w010c010r110f110r010t010.JPG?t=1554202793\"\/>\n\t\t\t\t\t\t\t\t<\/a>\n\t\t\t\t\t\t\t\t\t\t\t\t\t\t\t\t\t\t<\/div>\n\t\t\t\t<\/div>\n\t\t\t\t\t\t\t\t<h4>\n\t\t\t\t\t<a class='ngg-album-desc'\n\t\t\t\t\ttitle='Einladung nach Berlin, November 2012' href='https:\/\/buechereien-engelskirchen.de\/index.php\/galerie\/2012\/einladung-nach-berlin-november-2012?page_id=49'style=\"max-width: 200px\"\t\t\t\t\t>\n\t\t\t\t\t\tEinladung nach Berlin, November 2012\t\t\t\t\t<\/a>\n\t\t\t\t<\/h4>\n\t\t\t\t<p class=\"ngg-album-gallery-image-counter\">\n\t\t\t\t\t\t\t\t\t\t\t<strong>23<\/strong>&nbsp;Fotos\t\t\t\t\t\t\t\t\t<\/p>\n\t\t\t<\/div>\n\t\t\t\t\t<div class=\"ngg-album-compact\">\n\t\t\t\t<div class=\"ngg-album-compactbox\">\n\t\t\t\t\t<div class=\"ngg-album-link\">\n\t\t\t\t\t\t\t\t\t\t\t\t\t\t\t\t\t\t\t\t\t<a title='Hauptschulklassenbesuch in R\u00fcnderoth, November 2012' href='https:\/\/buechereien-engelskirchen.de\/index.php\/galerie\/2012\/hauptschulklassenbesuch-in-ruenderoth-november-2012?page_id=49'>\n\t\t\t\t\t\t\t\t\t<img class=\"Thumb\"\n\t\t\t\t\t\t\t\t\t\talt=\"Hauptschulklassenbesuch in R\u00fcnderoth, November 2012\"\n\t\t\t\t\t\t\t\t\t\tsrc=\"https:\/\/buechereien-engelskirchen.de\/wp-content\/gallery\/hauptschulklassenbesuch-in-ruenderoth-november-2012\/cache\/bild0017.jpg-nggid03456-ngg0dyn-180x140x100-00f0w010c010r110f110r010t010.jpg?t=1554202793\"\/>\n\t\t\t\t\t\t\t\t<\/a>\n\t\t\t\t\t\t\t\t\t\t\t\t\t\t\t\t\t\t<\/div>\n\t\t\t\t<\/div>\n\t\t\t\t\t\t\t\t<h4>\n\t\t\t\t\t<a class='ngg-album-desc'\n\t\t\t\t\ttitle='Hauptschulklassenbesuch in R\u00fcnderoth, November 2012' href='https:\/\/buechereien-engelskirchen.de\/index.php\/galerie\/2012\/hauptschulklassenbesuch-in-ruenderoth-november-2012?page_id=49'style=\"max-width: 200px\"\t\t\t\t\t>\n\t\t\t\t\t\tHauptschulklassenbesuch in R\u00fcnderoth, November 2012\t\t\t\t\t<\/a>\n\t\t\t\t<\/h4>\n\t\t\t\t<p class=\"ngg-album-gallery-image-counter\">\n\t\t\t\t\t\t\t\t\t\t\t<strong>4<\/strong>&nbsp;Fotos\t\t\t\t\t\t\t\t\t<\/p>\n\t\t\t<\/div>\n\t\t\t\t\t<div class=\"ngg-album-compact\">\n\t\t\t\t<div class=\"ngg-album-compactbox\">\n\t\t\t\t\t<div class=\"ngg-album-link\">\n\t\t\t\t\t\t\t\t\t\t\t\t\t\t\t\t\t\t\t\t\t<a title='Ferienspa\u00df in Engelskirchen -Lamatrekking- Juli 2012' href='https:\/\/buechereien-engelskirchen.de\/index.php\/galerie\/2012\/ferienspass-in-engelskirchen-lamatrekking-juli-2012?page_id=49'>\n\t\t\t\t\t\t\t\t\t<img class=\"Thumb\"\n\t\t\t\t\t\t\t\t\t\talt=\"Ferienspa\u00df in Engelskirchen -Lamatrekking- Juli 2012\"\n\t\t\t\t\t\t\t\t\t\tsrc=\"https:\/\/buechereien-engelskirchen.de\/wp-content\/gallery\/ferienspass-in-engelskirchen-lamatrekking-juli-2012\/cache\/bild0152.jpg-nggid03417-ngg0dyn-180x140x100-00f0w010c010r110f110r010t010.jpg?t=1554202793\"\/>\n\t\t\t\t\t\t\t\t<\/a>\n\t\t\t\t\t\t\t\t\t\t\t\t\t\t\t\t\t\t<\/div>\n\t\t\t\t<\/div>\n\t\t\t\t\t\t\t\t<h4>\n\t\t\t\t\t<a class='ngg-album-desc'\n\t\t\t\t\ttitle='Ferienspa\u00df in Engelskirchen -Lamatrekking- Juli 2012' href='https:\/\/buechereien-engelskirchen.de\/index.php\/galerie\/2012\/ferienspass-in-engelskirchen-lamatrekking-juli-2012?page_id=49'style=\"max-width: 200px\"\t\t\t\t\t>\n\t\t\t\t\t\tFerienspa\u00df in Engelskirchen -Lamatrekking- Juli 2012\t\t\t\t\t<\/a>\n\t\t\t\t<\/h4>\n\t\t\t\t<p class=\"ngg-album-gallery-image-counter\">\n\t\t\t\t\t\t\t\t\t\t\t<strong>14<\/strong>&nbsp;Fotos\t\t\t\t\t\t\t\t\t<\/p>\n\t\t\t<\/div>\n\t\t\t\t\t<div class=\"ngg-album-compact\">\n\t\t\t\t<div class=\"ngg-album-compactbox\">\n\t\t\t\t\t<div class=\"ngg-album-link\">\n\t\t\t\t\t\t\t\t\t\t\t\t\t\t\t\t\t\t\t\t\t<a title='Mitgliederversammlung, M\u00e4rz 2012' href='https:\/\/buechereien-engelskirchen.de\/index.php\/galerie\/2012\/mitgliederversammlung-maerz-2012?page_id=49'>\n\t\t\t\t\t\t\t\t\t<img class=\"Thumb\"\n\t\t\t\t\t\t\t\t\t\talt=\"Mitgliederversammlung, M\u00e4rz 2012\"\n\t\t\t\t\t\t\t\t\t\tsrc=\"https:\/\/buechereien-engelskirchen.de\/wp-content\/gallery\/mitgliederversammlung-maerz-2012\/cache\/bild0012.jpg-nggid03545-ngg0dyn-180x140x100-00f0w010c010r110f110r010t010.jpg?t=1554202793\"\/>\n\t\t\t\t\t\t\t\t<\/a>\n\t\t\t\t\t\t\t\t\t\t\t\t\t\t\t\t\t\t<\/div>\n\t\t\t\t<\/div>\n\t\t\t\t\t\t\t\t<h4>\n\t\t\t\t\t<a class='ngg-album-desc'\n\t\t\t\t\ttitle='Mitgliederversammlung, M\u00e4rz 2012' href='https:\/\/buechereien-engelskirchen.de\/index.php\/galerie\/2012\/mitgliederversammlung-maerz-2012?page_id=49'style=\"max-width: 200px\"\t\t\t\t\t>\n\t\t\t\t\t\tMitgliederversammlung, M\u00e4rz 2012\t\t\t\t\t<\/a>\n\t\t\t\t<\/h4>\n\t\t\t\t<p class=\"ngg-album-gallery-image-counter\">\n\t\t\t\t\t\t\t\t\t\t\t<strong>3<\/strong>&nbsp;Fotos\t\t\t\t\t\t\t\t\t<\/p>\n\t\t\t<\/div>\n\t\t\t\t\t<div class=\"ngg-album-compact\">\n\t\t\t\t<div class=\"ngg-album-compactbox\">\n\t\t\t\t\t<div class=\"ngg-album-link\">\n\t\t\t\t\t\t\t\t\t\t\t\t\t\t\t\t\t\t\t\t\t<a title='Mitgliederausflug Villa D\u00f6rrenberg, M\u00e4rz 2012' href='https:\/\/buechereien-engelskirchen.de\/index.php\/galerie\/2012\/mitgliederausflug-villa-doerrenberg-maerz-2012?page_id=49'>\n\t\t\t\t\t\t\t\t\t<img class=\"Thumb\"\n\t\t\t\t\t\t\t\t\t\talt=\"Mitgliederausflug Villa D\u00f6rrenberg, M\u00e4rz 2012\"\n\t\t\t\t\t\t\t\t\t\tsrc=\"https:\/\/buechereien-engelskirchen.de\/wp-content\/gallery\/mitgliederausflug-villa-doerrenberg-maerz-2012\/cache\/bild0123.jpg-nggid03536-ngg0dyn-180x140x100-00f0w010c010r110f110r010t010.jpg?t=1554202793\"\/>\n\t\t\t\t\t\t\t\t<\/a>\n\t\t\t\t\t\t\t\t\t\t\t\t\t\t\t\t\t\t<\/div>\n\t\t\t\t<\/div>\n\t\t\t\t\t\t\t\t<h4>\n\t\t\t\t\t<a class='ngg-album-desc'\n\t\t\t\t\ttitle='Mitgliederausflug Villa D\u00f6rrenberg, M\u00e4rz 2012' href='https:\/\/buechereien-engelskirchen.de\/index.php\/galerie\/2012\/mitgliederausflug-villa-doerrenberg-maerz-2012?page_id=49'style=\"max-width: 200px\"\t\t\t\t\t>\n\t\t\t\t\t\tMitgliederausflug Villa D\u00f6rrenberg, M\u00e4rz 2012\t\t\t\t\t<\/a>\n\t\t\t\t<\/h4>\n\t\t\t\t<p class=\"ngg-album-gallery-image-counter\">\n\t\t\t\t\t\t\t\t\t\t\t<strong>11<\/strong>&nbsp;Fotos\t\t\t\t\t\t\t\t\t<\/p>\n\t\t\t<\/div>\n\t\t\t\t<br class=\"ngg-clear\"\/>\n\t\t<div class='ngg-clear'><\/div>\t<\/div>\n<\/span><\/strong><\/p>\n<p><span style=\"font-size: 18px;\"><strong>2011\t<div class=\"ngg-albumoverview default-view\">\n\t\t\t\t\t<div class=\"ngg-album-compact\">\n\t\t\t\t<div class=\"ngg-album-compactbox\">\n\t\t\t\t\t<div class=\"ngg-album-link\">\n\t\t\t\t\t\t\t\t\t\t\t\t\t\t\t\t\t\t\t\t\t<a title='B\u00fccher-Flohmarkt in R\u00fcnderoth, November 2011' href='https:\/\/buechereien-engelskirchen.de\/index.php\/galerie\/2011\/martinsmarkt-in-ruenderoth-november-2011?page_id=49'>\n\t\t\t\t\t\t\t\t\t<img class=\"Thumb\"\n\t\t\t\t\t\t\t\t\t\talt=\"B\u00fccher-Flohmarkt in R\u00fcnderoth, November 2011\"\n\t\t\t\t\t\t\t\t\t\tsrc=\"https:\/\/buechereien-engelskirchen.de\/wp-content\/gallery\/martinsmarkt-in-ruenderoth-november-2011\/cache\/bild0002.jpg-nggid03483-ngg0dyn-180x140x100-00f0w010c010r110f110r010t010.jpg?t=1554370162\"\/>\n\t\t\t\t\t\t\t\t<\/a>\n\t\t\t\t\t\t\t\t\t\t\t\t\t\t\t\t\t\t<\/div>\n\t\t\t\t<\/div>\n\t\t\t\t\t\t\t\t<h4>\n\t\t\t\t\t<a class='ngg-album-desc'\n\t\t\t\t\ttitle='B\u00fccher-Flohmarkt in R\u00fcnderoth, November 2011' href='https:\/\/buechereien-engelskirchen.de\/index.php\/galerie\/2011\/martinsmarkt-in-ruenderoth-november-2011?page_id=49'style=\"max-width: 200px\"\t\t\t\t\t>\n\t\t\t\t\t\tB\u00fccher-Flohmarkt in R\u00fcnderoth, November 2011\t\t\t\t\t<\/a>\n\t\t\t\t<\/h4>\n\t\t\t\t<p class=\"ngg-album-gallery-image-counter\">\n\t\t\t\t\t\t\t\t\t\t\t<strong>8<\/strong>&nbsp;Fotos\t\t\t\t\t\t\t\t\t<\/p>\n\t\t\t<\/div>\n\t\t\t\t\t<div class=\"ngg-album-compact\">\n\t\t\t\t<div class=\"ngg-album-compactbox\">\n\t\t\t\t\t<div class=\"ngg-album-link\">\n\t\t\t\t\t\t\t\t\t\t\t\t\t\t\t\t\t\t\t\t\t<a title='Mitarbeiterfest in Engelskirchen, November 2011' href='https:\/\/buechereien-engelskirchen.de\/index.php\/galerie\/2011\/mitarbeiterfest-in-engelskirchen-november-2011?page_id=49'>\n\t\t\t\t\t\t\t\t\t<img class=\"Thumb\"\n\t\t\t\t\t\t\t\t\t\talt=\"Mitarbeiterfest in Engelskirchen, November 2011\"\n\t\t\t\t\t\t\t\t\t\tsrc=\"https:\/\/buechereien-engelskirchen.de\/wp-content\/gallery\/mitarbeiterfest-in-engelskirchen-november-2011\/cache\/bild0074.jpg-nggid03490-ngg0dyn-180x140x100-00f0w010c010r110f110r010t010.jpg?t=1554202793\"\/>\n\t\t\t\t\t\t\t\t<\/a>\n\t\t\t\t\t\t\t\t\t\t\t\t\t\t\t\t\t\t<\/div>\n\t\t\t\t<\/div>\n\t\t\t\t\t\t\t\t<h4>\n\t\t\t\t\t<a class='ngg-album-desc'\n\t\t\t\t\ttitle='Mitarbeiterfest in Engelskirchen, November 2011' href='https:\/\/buechereien-engelskirchen.de\/index.php\/galerie\/2011\/mitarbeiterfest-in-engelskirchen-november-2011?page_id=49'style=\"max-width: 200px\"\t\t\t\t\t>\n\t\t\t\t\t\tMitarbeiterfest in Engelskirchen, November 2011\t\t\t\t\t<\/a>\n\t\t\t\t<\/h4>\n\t\t\t\t<p class=\"ngg-album-gallery-image-counter\">\n\t\t\t\t\t\t\t\t\t\t\t<strong>11<\/strong>&nbsp;Fotos\t\t\t\t\t\t\t\t\t<\/p>\n\t\t\t<\/div>\n\t\t\t\t\t<div class=\"ngg-album-compact\">\n\t\t\t\t<div class=\"ngg-album-compactbox\">\n\t\t\t\t\t<div class=\"ngg-album-link\">\n\t\t\t\t\t\t\t\t\t\t\t\t\t\t\t\t\t\t\t\t\t<a title='Ferienspa\u00df in Engelskirchen -Oelchen&#039;s Hammer- August 2011' href='https:\/\/buechereien-engelskirchen.de\/index.php\/galerie\/2011\/ferienspass-in-engelskirchen-oelchens-hammer-august-2011?page_id=49'>\n\t\t\t\t\t\t\t\t\t<img class=\"Thumb\"\n\t\t\t\t\t\t\t\t\t\talt=\"Ferienspa\u00df in Engelskirchen -Oelchen&#039;s Hammer- August 2011\"\n\t\t\t\t\t\t\t\t\t\tsrc=\"https:\/\/buechereien-engelskirchen.de\/wp-content\/gallery\/ferienspass-in-engelskirchen-oelchens-hammer-august-2011\/cache\/bild0184.jpg-nggid03431-ngg0dyn-180x140x100-00f0w010c010r110f110r010t010.jpg?t=1554202794\"\/>\n\t\t\t\t\t\t\t\t<\/a>\n\t\t\t\t\t\t\t\t\t\t\t\t\t\t\t\t\t\t<\/div>\n\t\t\t\t<\/div>\n\t\t\t\t\t\t\t\t<h4>\n\t\t\t\t\t<a class='ngg-album-desc'\n\t\t\t\t\ttitle='Ferienspa\u00df in Engelskirchen -Oelchen&#039;s Hammer- August 2011' href='https:\/\/buechereien-engelskirchen.de\/index.php\/galerie\/2011\/ferienspass-in-engelskirchen-oelchens-hammer-august-2011?page_id=49'style=\"max-width: 200px\"\t\t\t\t\t>\n\t\t\t\t\t\tFerienspa\u00df in Engelskirchen -Oelchen's Hammer- August 2011\t\t\t\t\t<\/a>\n\t\t\t\t<\/h4>\n\t\t\t\t<p class=\"ngg-album-gallery-image-counter\">\n\t\t\t\t\t\t\t\t\t\t\t<strong>10<\/strong>&nbsp;Fotos\t\t\t\t\t\t\t\t\t<\/p>\n\t\t\t<\/div>\n\t\t\t\t\t<div class=\"ngg-album-compact\">\n\t\t\t\t<div class=\"ngg-album-compactbox\">\n\t\t\t\t\t<div class=\"ngg-album-link\">\n\t\t\t\t\t\t\t\t\t\t\t\t\t\t\t\t\t\t\t\t\t<a title='Kinderlesung in Engelskirchen, Juli 2011' href='https:\/\/buechereien-engelskirchen.de\/index.php\/galerie\/2011\/kinderlesung-in-engelskirchen-juli-2011?page_id=49'>\n\t\t\t\t\t\t\t\t\t<img class=\"Thumb\"\n\t\t\t\t\t\t\t\t\t\talt=\"Kinderlesung in Engelskirchen, Juli 2011\"\n\t\t\t\t\t\t\t\t\t\tsrc=\"https:\/\/buechereien-engelskirchen.de\/wp-content\/gallery\/kinderlesung-in-engelskirchen-juli-2011\/cache\/Lesung-Kindergarten-Juli-2011-EK-M.-Schmitz-035.jpg-nggid03670-ngg0dyn-180x140x100-00f0w010c010r110f110r010t010.jpg?t=1554202794\"\/>\n\t\t\t\t\t\t\t\t<\/a>\n\t\t\t\t\t\t\t\t\t\t\t\t\t\t\t\t\t\t<\/div>\n\t\t\t\t<\/div>\n\t\t\t\t\t\t\t\t<h4>\n\t\t\t\t\t<a class='ngg-album-desc'\n\t\t\t\t\ttitle='Kinderlesung in Engelskirchen, Juli 2011' href='https:\/\/buechereien-engelskirchen.de\/index.php\/galerie\/2011\/kinderlesung-in-engelskirchen-juli-2011?page_id=49'style=\"max-width: 200px\"\t\t\t\t\t>\n\t\t\t\t\t\tKinderlesung in Engelskirchen, Juli 2011\t\t\t\t\t<\/a>\n\t\t\t\t<\/h4>\n\t\t\t\t<p class=\"ngg-album-gallery-image-counter\">\n\t\t\t\t\t\t\t\t\t\t\t<strong>6<\/strong>&nbsp;Fotos\t\t\t\t\t\t\t\t\t<\/p>\n\t\t\t<\/div>\n\t\t\t\t\t<div class=\"ngg-album-compact\">\n\t\t\t\t<div class=\"ngg-album-compactbox\">\n\t\t\t\t\t<div class=\"ngg-album-link\">\n\t\t\t\t\t\t\t\t\t\t\t\t\t\t\t\t\t\t\t\t\t<a title='Hauptschulklassenbesuch in R\u00fcnderoth, Juli 2011' href='https:\/\/buechereien-engelskirchen.de\/index.php\/galerie\/2011\/hauptschulklassenbesuch-in-ruenderoth-juli-2011?page_id=49'>\n\t\t\t\t\t\t\t\t\t<img class=\"Thumb\"\n\t\t\t\t\t\t\t\t\t\talt=\"Hauptschulklassenbesuch in R\u00fcnderoth, Juli 2011\"\n\t\t\t\t\t\t\t\t\t\tsrc=\"https:\/\/buechereien-engelskirchen.de\/wp-content\/gallery\/hauptschulklassenbesuch-in-ruenderoth-juli-2011\/cache\/sam_0267.jpg-nggid03451-ngg0dyn-180x140x100-00f0w010c010r110f110r010t010.jpg?t=1554202794\"\/>\n\t\t\t\t\t\t\t\t<\/a>\n\t\t\t\t\t\t\t\t\t\t\t\t\t\t\t\t\t\t<\/div>\n\t\t\t\t<\/div>\n\t\t\t\t\t\t\t\t<h4>\n\t\t\t\t\t<a class='ngg-album-desc'\n\t\t\t\t\ttitle='Hauptschulklassenbesuch in R\u00fcnderoth, Juli 2011' href='https:\/\/buechereien-engelskirchen.de\/index.php\/galerie\/2011\/hauptschulklassenbesuch-in-ruenderoth-juli-2011?page_id=49'style=\"max-width: 200px\"\t\t\t\t\t>\n\t\t\t\t\t\tHauptschulklassenbesuch in R\u00fcnderoth, Juli 2011\t\t\t\t\t<\/a>\n\t\t\t\t<\/h4>\n\t\t\t\t<p class=\"ngg-album-gallery-image-counter\">\n\t\t\t\t\t\t\t\t\t\t\t<strong>7<\/strong>&nbsp;Fotos\t\t\t\t\t\t\t\t\t<\/p>\n\t\t\t<\/div>\n\t\t\t\t\t<div class=\"ngg-album-compact\">\n\t\t\t\t<div class=\"ngg-album-compactbox\">\n\t\t\t\t\t<div class=\"ngg-album-link\">\n\t\t\t\t\t\t\t\t\t\t\t\t\t\t\t\t\t\t\t\t\t<a title='Mitgliederausflug Villa Braunswerth, April 2011' href='https:\/\/buechereien-engelskirchen.de\/index.php\/galerie\/2011\/mitgliederausflug-villa-braunswerth-april-2011?page_id=49'>\n\t\t\t\t\t\t\t\t\t<img class=\"Thumb\"\n\t\t\t\t\t\t\t\t\t\talt=\"Mitgliederausflug Villa Braunswerth, April 2011\"\n\t\t\t\t\t\t\t\t\t\tsrc=\"https:\/\/buechereien-engelskirchen.de\/wp-content\/gallery\/besichtigung-villa-braunswerth-april-2011\/cache\/villabraunswerth-04-2011.jpg-nggid03321-ngg0dyn-180x140x100-00f0w010c010r110f110r010t010.jpg?t=1554202794\"\/>\n\t\t\t\t\t\t\t\t<\/a>\n\t\t\t\t\t\t\t\t\t\t\t\t\t\t\t\t\t\t<\/div>\n\t\t\t\t<\/div>\n\t\t\t\t\t\t\t\t<h4>\n\t\t\t\t\t<a class='ngg-album-desc'\n\t\t\t\t\ttitle='Mitgliederausflug Villa Braunswerth, April 2011' href='https:\/\/buechereien-engelskirchen.de\/index.php\/galerie\/2011\/mitgliederausflug-villa-braunswerth-april-2011?page_id=49'style=\"max-width: 200px\"\t\t\t\t\t>\n\t\t\t\t\t\tMitgliederausflug Villa Braunswerth, April 2011\t\t\t\t\t<\/a>\n\t\t\t\t<\/h4>\n\t\t\t\t<p class=\"ngg-album-gallery-image-counter\">\n\t\t\t\t\t\t\t\t\t\t\t<strong>6<\/strong>&nbsp;Fotos\t\t\t\t\t\t\t\t\t<\/p>\n\t\t\t<\/div>\n\t\t\t\t\t<div class=\"ngg-album-compact\">\n\t\t\t\t<div class=\"ngg-album-compactbox\">\n\t\t\t\t\t<div class=\"ngg-album-link\">\n\t\t\t\t\t\t\t\t\t\t\t\t\t\t\t\t\t\t\t\t\t<a title='Mitgliederversammlung, M\u00e4rz 2011' href='https:\/\/buechereien-engelskirchen.de\/index.php\/galerie\/2011\/mitgliederversammlung-maerz-2011?page_id=49'>\n\t\t\t\t\t\t\t\t\t<img class=\"Thumb\"\n\t\t\t\t\t\t\t\t\t\talt=\"Mitgliederversammlung, M\u00e4rz 2011\"\n\t\t\t\t\t\t\t\t\t\tsrc=\"https:\/\/buechereien-engelskirchen.de\/wp-content\/gallery\/mitgliederversammlung-2011\/cache\/karinsusanne.jpg-nggid03119-ngg0dyn-180x140x100-00f0w010c010r110f110r010t010.jpg?t=1554202794\"\/>\n\t\t\t\t\t\t\t\t<\/a>\n\t\t\t\t\t\t\t\t\t\t\t\t\t\t\t\t\t\t<\/div>\n\t\t\t\t<\/div>\n\t\t\t\t\t\t\t\t<h4>\n\t\t\t\t\t<a class='ngg-album-desc'\n\t\t\t\t\ttitle='Mitgliederversammlung, M\u00e4rz 2011' href='https:\/\/buechereien-engelskirchen.de\/index.php\/galerie\/2011\/mitgliederversammlung-maerz-2011?page_id=49'style=\"max-width: 200px\"\t\t\t\t\t>\n\t\t\t\t\t\tMitgliederversammlung, M\u00e4rz 2011\t\t\t\t\t<\/a>\n\t\t\t\t<\/h4>\n\t\t\t\t<p class=\"ngg-album-gallery-image-counter\">\n\t\t\t\t\t\t\t\t\t\t\t<strong>5<\/strong>&nbsp;Fotos\t\t\t\t\t\t\t\t\t<\/p>\n\t\t\t<\/div>\n\t\t\t\t\t<div class=\"ngg-album-compact\">\n\t\t\t\t<div class=\"ngg-album-compactbox\">\n\t\t\t\t\t<div class=\"ngg-album-link\">\n\t\t\t\t\t\t\t\t\t\t\t\t\t\t\t\t\t\t\t\t\t<a title='Kulturausschuss besucht Engelskirchen, Februar 2011' href='https:\/\/buechereien-engelskirchen.de\/index.php\/galerie\/2011\/kulturausschuss-besucht-engelskirchen-februar-2011?page_id=49'>\n\t\t\t\t\t\t\t\t\t<img class=\"Thumb\"\n\t\t\t\t\t\t\t\t\t\talt=\"Kulturausschuss besucht Engelskirchen, Februar 2011\"\n\t\t\t\t\t\t\t\t\t\tsrc=\"https:\/\/buechereien-engelskirchen.de\/wp-content\/gallery\/kulturausschuss-besucht-engelskirchen-februar-2011\/cache\/Kulturausschuss-zu-Besuch-in-EK.jpg-nggid03660-ngg0dyn-180x140x100-00f0w010c010r110f110r010t010.jpg?t=1554202794\"\/>\n\t\t\t\t\t\t\t\t<\/a>\n\t\t\t\t\t\t\t\t\t\t\t\t\t\t\t\t\t\t<\/div>\n\t\t\t\t<\/div>\n\t\t\t\t\t\t\t\t<h4>\n\t\t\t\t\t<a class='ngg-album-desc'\n\t\t\t\t\ttitle='Kulturausschuss besucht Engelskirchen, Februar 2011' href='https:\/\/buechereien-engelskirchen.de\/index.php\/galerie\/2011\/kulturausschuss-besucht-engelskirchen-februar-2011?page_id=49'style=\"max-width: 200px\"\t\t\t\t\t>\n\t\t\t\t\t\tKulturausschuss besucht Engelskirchen, Februar 2011\t\t\t\t\t<\/a>\n\t\t\t\t<\/h4>\n\t\t\t\t<p class=\"ngg-album-gallery-image-counter\">\n\t\t\t\t\t\t\t\t\t\t\t<strong>2<\/strong>&nbsp;Fotos\t\t\t\t\t\t\t\t\t<\/p>\n\t\t\t<\/div>\n\t\t\t\t\t<div class=\"ngg-album-compact\">\n\t\t\t\t<div class=\"ngg-album-compactbox\">\n\t\t\t\t\t<div class=\"ngg-album-link\">\n\t\t\t\t\t\t\t\t\t\t\t\t\t\t\t\t\t\t\t\t\t<a title='Lesung ToT in Engelskirchen, Februar 2011' href='https:\/\/buechereien-engelskirchen.de\/index.php\/galerie\/2011\/lesung-tot-in-engelskirchen-februar-2011?page_id=49'>\n\t\t\t\t\t\t\t\t\t<img class=\"Thumb\"\n\t\t\t\t\t\t\t\t\t\talt=\"Lesung ToT in Engelskirchen, Februar 2011\"\n\t\t\t\t\t\t\t\t\t\tsrc=\"https:\/\/buechereien-engelskirchen.de\/wp-content\/gallery\/lesung-tag-der-offenen-tur-12-2-2011\/cache\/lesung-und-tag-der-offenen-tr-ek-12-02-2011-011.jpg-nggid03111-ngg0dyn-180x140x100-00f0w010c010r110f110r010t010.jpg?t=1554202794\"\/>\n\t\t\t\t\t\t\t\t<\/a>\n\t\t\t\t\t\t\t\t\t\t\t\t\t\t\t\t\t\t<\/div>\n\t\t\t\t<\/div>\n\t\t\t\t\t\t\t\t<h4>\n\t\t\t\t\t<a class='ngg-album-desc'\n\t\t\t\t\ttitle='Lesung ToT in Engelskirchen, Februar 2011' href='https:\/\/buechereien-engelskirchen.de\/index.php\/galerie\/2011\/lesung-tot-in-engelskirchen-februar-2011?page_id=49'style=\"max-width: 200px\"\t\t\t\t\t>\n\t\t\t\t\t\tLesung ToT in Engelskirchen, Februar 2011\t\t\t\t\t<\/a>\n\t\t\t\t<\/h4>\n\t\t\t\t<p class=\"ngg-album-gallery-image-counter\">\n\t\t\t\t\t\t\t\t\t\t\t<strong>6<\/strong>&nbsp;Fotos\t\t\t\t\t\t\t\t\t<\/p>\n\t\t\t<\/div>\n\t\t\t\t<br class=\"ngg-clear\"\/>\n\t\t<div class='ngg-clear'><\/div>\t<\/div>\n<\/strong><\/span><\/p>\n<p><span style=\"font-size: 18px;\"><strong>2010\t<div class=\"ngg-albumoverview default-view\">\n\t\t\t\t\t<div class=\"ngg-album-compact\">\n\t\t\t\t<div class=\"ngg-album-compactbox\">\n\t\t\t\t\t<div class=\"ngg-album-link\">\n\t\t\t\t\t\t\t\t\t\t\t\t\t\t\t\t\t\t\t\t\t<a title='Weihnachtsessen vom Vorstand, Dezember 2010' href='https:\/\/buechereien-engelskirchen.de\/index.php\/galerie\/2010\/weihnachtsessen-vom-vorstand-dezember-2010?page_id=49'>\n\t\t\t\t\t\t\t\t\t<img class=\"Thumb\"\n\t\t\t\t\t\t\t\t\t\talt=\"Weihnachtsessen vom Vorstand, Dezember 2010\"\n\t\t\t\t\t\t\t\t\t\tsrc=\"https:\/\/buechereien-engelskirchen.de\/wp-content\/gallery\/weihnachtsessen-vom-vorstand-dezember-2010\/cache\/DSC00584.JPG-nggid03726-ngg0dyn-180x140x100-00f0w010c010r110f110r010t010.JPG?t=1554370167\"\/>\n\t\t\t\t\t\t\t\t<\/a>\n\t\t\t\t\t\t\t\t\t\t\t\t\t\t\t\t\t\t<\/div>\n\t\t\t\t<\/div>\n\t\t\t\t\t\t\t\t<h4>\n\t\t\t\t\t<a class='ngg-album-desc'\n\t\t\t\t\ttitle='Weihnachtsessen vom Vorstand, Dezember 2010' href='https:\/\/buechereien-engelskirchen.de\/index.php\/galerie\/2010\/weihnachtsessen-vom-vorstand-dezember-2010?page_id=49'style=\"max-width: 200px\"\t\t\t\t\t>\n\t\t\t\t\t\tWeihnachtsessen vom Vorstand, Dezember 2010\t\t\t\t\t<\/a>\n\t\t\t\t<\/h4>\n\t\t\t\t<p class=\"ngg-album-gallery-image-counter\">\n\t\t\t\t\t\t\t\t\t\t\t<strong>3<\/strong>&nbsp;Fotos\t\t\t\t\t\t\t\t\t<\/p>\n\t\t\t<\/div>\n\t\t\t\t\t<div class=\"ngg-album-compact\">\n\t\t\t\t<div class=\"ngg-album-compactbox\">\n\t\t\t\t\t<div class=\"ngg-album-link\">\n\t\t\t\t\t\t\t\t\t\t\t\t\t\t\t\t\t\t\t\t\t<a title='B\u00fccher-Flohmarkt in R\u00fcnderoth, November 2010' href='https:\/\/buechereien-engelskirchen.de\/index.php\/galerie\/2010\/martinsmarkt-in-ruenderoth-november-2010?page_id=49'>\n\t\t\t\t\t\t\t\t\t<img class=\"Thumb\"\n\t\t\t\t\t\t\t\t\t\talt=\"B\u00fccher-Flohmarkt in R\u00fcnderoth, November 2010\"\n\t\t\t\t\t\t\t\t\t\tsrc=\"https:\/\/buechereien-engelskirchen.de\/wp-content\/gallery\/martinsmarkt-in-ruenderoth-november-2010\/cache\/flohmarkt2.jpg-nggid03479-ngg0dyn-180x140x100-00f0w010c010r110f110r010t010.jpg?t=1554202795\"\/>\n\t\t\t\t\t\t\t\t<\/a>\n\t\t\t\t\t\t\t\t\t\t\t\t\t\t\t\t\t\t<\/div>\n\t\t\t\t<\/div>\n\t\t\t\t\t\t\t\t<h4>\n\t\t\t\t\t<a class='ngg-album-desc'\n\t\t\t\t\ttitle='B\u00fccher-Flohmarkt in R\u00fcnderoth, November 2010' href='https:\/\/buechereien-engelskirchen.de\/index.php\/galerie\/2010\/martinsmarkt-in-ruenderoth-november-2010?page_id=49'style=\"max-width: 200px\"\t\t\t\t\t>\n\t\t\t\t\t\tB\u00fccher-Flohmarkt in R\u00fcnderoth, November 2010\t\t\t\t\t<\/a>\n\t\t\t\t<\/h4>\n\t\t\t\t<p class=\"ngg-album-gallery-image-counter\">\n\t\t\t\t\t\t\t\t\t\t\t<strong>7<\/strong>&nbsp;Fotos\t\t\t\t\t\t\t\t\t<\/p>\n\t\t\t<\/div>\n\t\t\t\t\t<div class=\"ngg-album-compact\">\n\t\t\t\t<div class=\"ngg-album-compactbox\">\n\t\t\t\t\t<div class=\"ngg-album-link\">\n\t\t\t\t\t\t\t\t\t\t\t\t\t\t\t\t\t\t\t\t\t<a title='Mitarbeiterfest in R\u00fcnderoth, September 2010' href='https:\/\/buechereien-engelskirchen.de\/index.php\/galerie\/2010\/mitarbeiterfest-in-ruenderoth-september-2010?page_id=49'>\n\t\t\t\t\t\t\t\t\t<img class=\"Thumb\"\n\t\t\t\t\t\t\t\t\t\talt=\"Mitarbeiterfest in R\u00fcnderoth, September 2010\"\n\t\t\t\t\t\t\t\t\t\tsrc=\"https:\/\/buechereien-engelskirchen.de\/wp-content\/gallery\/mitarbeiterfest-in-ruenderoth-september-2010\/cache\/bild0051.jpg-nggid03510-ngg0dyn-180x140x100-00f0w010c010r110f110r010t010.jpg?t=1554202795\"\/>\n\t\t\t\t\t\t\t\t<\/a>\n\t\t\t\t\t\t\t\t\t\t\t\t\t\t\t\t\t\t<\/div>\n\t\t\t\t<\/div>\n\t\t\t\t\t\t\t\t<h4>\n\t\t\t\t\t<a class='ngg-album-desc'\n\t\t\t\t\ttitle='Mitarbeiterfest in R\u00fcnderoth, September 2010' href='https:\/\/buechereien-engelskirchen.de\/index.php\/galerie\/2010\/mitarbeiterfest-in-ruenderoth-september-2010?page_id=49'style=\"max-width: 200px\"\t\t\t\t\t>\n\t\t\t\t\t\tMitarbeiterfest in R\u00fcnderoth, September 2010\t\t\t\t\t<\/a>\n\t\t\t\t<\/h4>\n\t\t\t\t<p class=\"ngg-album-gallery-image-counter\">\n\t\t\t\t\t\t\t\t\t\t\t<strong>8<\/strong>&nbsp;Fotos\t\t\t\t\t\t\t\t\t<\/p>\n\t\t\t<\/div>\n\t\t\t\t\t<div class=\"ngg-album-compact\">\n\t\t\t\t<div class=\"ngg-album-compactbox\">\n\t\t\t\t\t<div class=\"ngg-album-link\">\n\t\t\t\t\t\t\t\t\t\t\t\t\t\t\t\t\t\t\t\t\t<a title='Mitgliederausflug Wanderung zur Burg Wissem, M\u00e4rz 2010' href='https:\/\/buechereien-engelskirchen.de\/index.php\/galerie\/2010\/mitgliederausflug-wanderung-zur-burg-wissem-maerz-2010?page_id=49'>\n\t\t\t\t\t\t\t\t\t<img class=\"Thumb\"\n\t\t\t\t\t\t\t\t\t\talt=\"Mitgliederausflug Wanderung zur Burg Wissem, M\u00e4rz 2010\"\n\t\t\t\t\t\t\t\t\t\tsrc=\"https:\/\/buechereien-engelskirchen.de\/wp-content\/gallery\/wanderung-zur-burg-wissem-2010\/cache\/burgwissem.jpg-nggid03140-ngg0dyn-180x140x100-00f0w010c010r110f110r010t010.jpg?t=1554202795\"\/>\n\t\t\t\t\t\t\t\t<\/a>\n\t\t\t\t\t\t\t\t\t\t\t\t\t\t\t\t\t\t<\/div>\n\t\t\t\t<\/div>\n\t\t\t\t\t\t\t\t<h4>\n\t\t\t\t\t<a class='ngg-album-desc'\n\t\t\t\t\ttitle='Mitgliederausflug Wanderung zur Burg Wissem, M\u00e4rz 2010' href='https:\/\/buechereien-engelskirchen.de\/index.php\/galerie\/2010\/mitgliederausflug-wanderung-zur-burg-wissem-maerz-2010?page_id=49'style=\"max-width: 200px\"\t\t\t\t\t>\n\t\t\t\t\t\tMitgliederausflug Wanderung zur Burg Wissem, M\u00e4rz 2010\t\t\t\t\t<\/a>\n\t\t\t\t<\/h4>\n\t\t\t\t<p class=\"ngg-album-gallery-image-counter\">\n\t\t\t\t\t\t\t\t\t\t\t<strong>19<\/strong>&nbsp;Fotos\t\t\t\t\t\t\t\t\t<\/p>\n\t\t\t<\/div>\n\t\t\t\t\t<div class=\"ngg-album-compact\">\n\t\t\t\t<div class=\"ngg-album-compactbox\">\n\t\t\t\t\t<div class=\"ngg-album-link\">\n\t\t\t\t\t\t\t\t\t\t\t\t\t\t\t\t\t\t\t\t\t<a title='Mitgliederversammlung, M\u00e4rz 2010' href='https:\/\/buechereien-engelskirchen.de\/index.php\/galerie\/2010\/mitgliederversammlung-maerz-2010?page_id=49'>\n\t\t\t\t\t\t\t\t\t<img class=\"Thumb\"\n\t\t\t\t\t\t\t\t\t\talt=\"Mitgliederversammlung, M\u00e4rz 2010\"\n\t\t\t\t\t\t\t\t\t\tsrc=\"https:\/\/buechereien-engelskirchen.de\/wp-content\/gallery\/mitgliederversammlung-maerz-2010\/cache\/Vorstand4.jpg-nggid03716-ngg0dyn-180x140x100-00f0w010c010r110f110r010t010.jpg?t=1554202795\"\/>\n\t\t\t\t\t\t\t\t<\/a>\n\t\t\t\t\t\t\t\t\t\t\t\t\t\t\t\t\t\t<\/div>\n\t\t\t\t<\/div>\n\t\t\t\t\t\t\t\t<h4>\n\t\t\t\t\t<a class='ngg-album-desc'\n\t\t\t\t\ttitle='Mitgliederversammlung, M\u00e4rz 2010' href='https:\/\/buechereien-engelskirchen.de\/index.php\/galerie\/2010\/mitgliederversammlung-maerz-2010?page_id=49'style=\"max-width: 200px\"\t\t\t\t\t>\n\t\t\t\t\t\tMitgliederversammlung, M\u00e4rz 2010\t\t\t\t\t<\/a>\n\t\t\t\t<\/h4>\n\t\t\t\t<p class=\"ngg-album-gallery-image-counter\">\n\t\t\t\t\t\t\t\t\t\t\t<strong>4<\/strong>&nbsp;Fotos\t\t\t\t\t\t\t\t\t<\/p>\n\t\t\t<\/div>\n\t\t\t\t\t<div class=\"ngg-album-compact\">\n\t\t\t\t<div class=\"ngg-album-compactbox\">\n\t\t\t\t\t<div class=\"ngg-album-link\">\n\t\t\t\t\t\t\t\t\t\t\t\t\t\t\t\t\t\t\t\t\t<a title='Mitarbeiterfest in Engelskirchen, Januar 2010' href='https:\/\/buechereien-engelskirchen.de\/index.php\/galerie\/2010\/mitarbeiterfest-in-engelskirchen-januar-2010?page_id=49'>\n\t\t\t\t\t\t\t\t\t<img class=\"Thumb\"\n\t\t\t\t\t\t\t\t\t\talt=\"Mitarbeiterfest in Engelskirchen, Januar 2010\"\n\t\t\t\t\t\t\t\t\t\tsrc=\"https:\/\/buechereien-engelskirchen.de\/wp-content\/gallery\/mitarbeiterfest-in-engelskirchen-januar-2010\/cache\/bild9.jpg-nggid03199-ngg0dyn-180x140x100-00f0w010c010r110f110r010t010.jpg?t=1554202795\"\/>\n\t\t\t\t\t\t\t\t<\/a>\n\t\t\t\t\t\t\t\t\t\t\t\t\t\t\t\t\t\t<\/div>\n\t\t\t\t<\/div>\n\t\t\t\t\t\t\t\t<h4>\n\t\t\t\t\t<a class='ngg-album-desc'\n\t\t\t\t\ttitle='Mitarbeiterfest in Engelskirchen, Januar 2010' href='https:\/\/buechereien-engelskirchen.de\/index.php\/galerie\/2010\/mitarbeiterfest-in-engelskirchen-januar-2010?page_id=49'style=\"max-width: 200px\"\t\t\t\t\t>\n\t\t\t\t\t\tMitarbeiterfest in Engelskirchen, Januar 2010\t\t\t\t\t<\/a>\n\t\t\t\t<\/h4>\n\t\t\t\t<p class=\"ngg-album-gallery-image-counter\">\n\t\t\t\t\t\t\t\t\t\t\t<strong>7<\/strong>&nbsp;Fotos\t\t\t\t\t\t\t\t\t<\/p>\n\t\t\t<\/div>\n\t\t\t\t<br class=\"ngg-clear\"\/>\n\t\t<div class='ngg-clear'><\/div>\t<\/div>\n<\/strong><\/span><\/p>\n<p><span style=\"font-size: 18px;\"><strong>2009\t<div class=\"ngg-albumoverview default-view\">\n\t\t\t\t\t<div class=\"ngg-album-compact\">\n\t\t\t\t<div class=\"ngg-album-compactbox\">\n\t\t\t\t\t<div class=\"ngg-album-link\">\n\t\t\t\t\t\t\t\t\t\t\t\t\t\t\t\t\t\t\t\t\t<a title='Verschiedenes 2004 - 2009' href='https:\/\/buechereien-engelskirchen.de\/index.php\/galerie\/2009\/archivfotos-2004-2010?page_id=49'>\n\t\t\t\t\t\t\t\t\t<img class=\"Thumb\"\n\t\t\t\t\t\t\t\t\t\talt=\"Verschiedenes 2004 - 2009\"\n\t\t\t\t\t\t\t\t\t\tsrc=\"https:\/\/buechereien-engelskirchen.de\/wp-content\/gallery\/archivfotos-2004-2010\/cache\/vorstand.jpg-nggid03315-ngg0dyn-180x140x100-00f0w010c010r110f110r010t010.jpg?t=1554370165\"\/>\n\t\t\t\t\t\t\t\t<\/a>\n\t\t\t\t\t\t\t\t\t\t\t\t\t\t\t\t\t\t<\/div>\n\t\t\t\t<\/div>\n\t\t\t\t\t\t\t\t<h4>\n\t\t\t\t\t<a class='ngg-album-desc'\n\t\t\t\t\ttitle='Verschiedenes 2004 - 2009' href='https:\/\/buechereien-engelskirchen.de\/index.php\/galerie\/2009\/archivfotos-2004-2010?page_id=49'style=\"max-width: 200px\"\t\t\t\t\t>\n\t\t\t\t\t\tVerschiedenes 2004 - 2009\t\t\t\t\t<\/a>\n\t\t\t\t<\/h4>\n\t\t\t\t<p class=\"ngg-album-gallery-image-counter\">\n\t\t\t\t\t\t\t\t\t\t\t<strong>13<\/strong>&nbsp;Fotos\t\t\t\t\t\t\t\t\t<\/p>\n\t\t\t<\/div>\n\t\t\t\t\t<div class=\"ngg-album-compact\">\n\t\t\t\t<div class=\"ngg-album-compactbox\">\n\t\t\t\t\t<div class=\"ngg-album-link\">\n\t\t\t\t\t\t\t\t\t\t\t\t\t\t\t\t\t\t\t\t\t<a title='Thekenneubau in Engelskirchen, Dezember 2009' href='https:\/\/buechereien-engelskirchen.de\/index.php\/galerie\/2009\/thekenneubau-in-engelskirchen-dezember-2009?page_id=49'>\n\t\t\t\t\t\t\t\t\t<img class=\"Thumb\"\n\t\t\t\t\t\t\t\t\t\talt=\"Thekenneubau in Engelskirchen, Dezember 2009\"\n\t\t\t\t\t\t\t\t\t\tsrc=\"https:\/\/buechereien-engelskirchen.de\/wp-content\/gallery\/thekenneubau-in-engelskirchen-dezember-2009\/cache\/BILD1.JPG-nggid03722-ngg0dyn-180x140x100-00f0w010c010r110f110r010t010.JPG?t=1554202795\"\/>\n\t\t\t\t\t\t\t\t<\/a>\n\t\t\t\t\t\t\t\t\t\t\t\t\t\t\t\t\t\t<\/div>\n\t\t\t\t<\/div>\n\t\t\t\t\t\t\t\t<h4>\n\t\t\t\t\t<a class='ngg-album-desc'\n\t\t\t\t\ttitle='Thekenneubau in Engelskirchen, Dezember 2009' href='https:\/\/buechereien-engelskirchen.de\/index.php\/galerie\/2009\/thekenneubau-in-engelskirchen-dezember-2009?page_id=49'style=\"max-width: 200px\"\t\t\t\t\t>\n\t\t\t\t\t\tThekenneubau in Engelskirchen, Dezember 2009\t\t\t\t\t<\/a>\n\t\t\t\t<\/h4>\n\t\t\t\t<p class=\"ngg-album-gallery-image-counter\">\n\t\t\t\t\t\t\t\t\t\t\t<strong>4<\/strong>&nbsp;Fotos\t\t\t\t\t\t\t\t\t<\/p>\n\t\t\t<\/div>\n\t\t\t\t\t<div class=\"ngg-album-compact\">\n\t\t\t\t<div class=\"ngg-album-compactbox\">\n\t\t\t\t\t<div class=\"ngg-album-link\">\n\t\t\t\t\t\t\t\t\t\t\t\t\t\t\t\t\t\t\t\t\t<a title='Literarisches Fr\u00fchst\u00fcck zum 5. Geburtstag, R\u00fcnderoth, November 2009' href='https:\/\/buechereien-engelskirchen.de\/index.php\/galerie\/2009\/literar-fruehstueck-zum-5-geburtstag-ruenderoth-november-2009?page_id=49'>\n\t\t\t\t\t\t\t\t\t<img class=\"Thumb\"\n\t\t\t\t\t\t\t\t\t\talt=\"Literarisches Fr\u00fchst\u00fcck zum 5. Geburtstag, R\u00fcnderoth, November 2009\"\n\t\t\t\t\t\t\t\t\t\tsrc=\"https:\/\/buechereien-engelskirchen.de\/wp-content\/gallery\/literar-fruehstueck-zum-5-geburtstag-ruenderoth-november-2009\/cache\/bild0018.jpg-nggid03208-ngg0dyn-180x140x100-00f0w010c010r110f110r010t010.jpg?t=1554202796\"\/>\n\t\t\t\t\t\t\t\t<\/a>\n\t\t\t\t\t\t\t\t\t\t\t\t\t\t\t\t\t\t<\/div>\n\t\t\t\t<\/div>\n\t\t\t\t\t\t\t\t<h4>\n\t\t\t\t\t<a class='ngg-album-desc'\n\t\t\t\t\ttitle='Literarisches Fr\u00fchst\u00fcck zum 5. Geburtstag, R\u00fcnderoth, November 2009' href='https:\/\/buechereien-engelskirchen.de\/index.php\/galerie\/2009\/literar-fruehstueck-zum-5-geburtstag-ruenderoth-november-2009?page_id=49'style=\"max-width: 200px\"\t\t\t\t\t>\n\t\t\t\t\t\tLiterarisches Fr\u00fchst\u00fcck zum 5. Geburtstag, R\u00fcnderoth, November 2009\t\t\t\t\t<\/a>\n\t\t\t\t<\/h4>\n\t\t\t\t<p class=\"ngg-album-gallery-image-counter\">\n\t\t\t\t\t\t\t\t\t\t\t<strong>15<\/strong>&nbsp;Fotos\t\t\t\t\t\t\t\t\t<\/p>\n\t\t\t<\/div>\n\t\t\t\t\t<div class=\"ngg-album-compact\">\n\t\t\t\t<div class=\"ngg-album-compactbox\">\n\t\t\t\t\t<div class=\"ngg-album-link\">\n\t\t\t\t\t\t\t\t\t\t\t\t\t\t\t\t\t\t\t\t\t<a title='Feier zum 5. Geburtstag, September 2009' href='https:\/\/buechereien-engelskirchen.de\/index.php\/galerie\/2009\/feier-zu-unserem-5-geburtstag-september-2009?page_id=49'>\n\t\t\t\t\t\t\t\t\t<img class=\"Thumb\"\n\t\t\t\t\t\t\t\t\t\talt=\"Feier zum 5. Geburtstag, September 2009\"\n\t\t\t\t\t\t\t\t\t\tsrc=\"https:\/\/buechereien-engelskirchen.de\/wp-content\/gallery\/feier-zu-unserem-5-geburtstag-september-2009\/cache\/img_2797.jpg-nggid03562-ngg0dyn-180x140x100-00f0w010c010r110f110r010t010.jpg?t=1554202796\"\/>\n\t\t\t\t\t\t\t\t<\/a>\n\t\t\t\t\t\t\t\t\t\t\t\t\t\t\t\t\t\t<\/div>\n\t\t\t\t<\/div>\n\t\t\t\t\t\t\t\t<h4>\n\t\t\t\t\t<a class='ngg-album-desc'\n\t\t\t\t\ttitle='Feier zum 5. Geburtstag, September 2009' href='https:\/\/buechereien-engelskirchen.de\/index.php\/galerie\/2009\/feier-zu-unserem-5-geburtstag-september-2009?page_id=49'style=\"max-width: 200px\"\t\t\t\t\t>\n\t\t\t\t\t\tFeier zum 5. Geburtstag, September 2009\t\t\t\t\t<\/a>\n\t\t\t\t<\/h4>\n\t\t\t\t<p class=\"ngg-album-gallery-image-counter\">\n\t\t\t\t\t\t\t\t\t\t\t<strong>25<\/strong>&nbsp;Fotos\t\t\t\t\t\t\t\t\t<\/p>\n\t\t\t<\/div>\n\t\t\t\t\t<div class=\"ngg-album-compact\">\n\t\t\t\t<div class=\"ngg-album-compactbox\">\n\t\t\t\t\t<div class=\"ngg-album-link\">\n\t\t\t\t\t\t\t\t\t\t\t\t\t\t\t\t\t\t\t\t\t<a title='B\u00fccher-Flohmarkt in Engelskirchen, August 2009' href='https:\/\/buechereien-engelskirchen.de\/index.php\/galerie\/2009\/buecher-flohmarkt-in-engelskirchen-august-2009?page_id=49'>\n\t\t\t\t\t\t\t\t\t<img class=\"Thumb\"\n\t\t\t\t\t\t\t\t\t\talt=\"B\u00fccher-Flohmarkt in Engelskirchen, August 2009\"\n\t\t\t\t\t\t\t\t\t\tsrc=\"https:\/\/buechereien-engelskirchen.de\/wp-content\/gallery\/buecher-flohmarkt-in-engelskirchen-august-2009\/cache\/pict0141.jpg-nggid03329-ngg0dyn-180x140x100-00f0w010c010r110f110r010t010.jpg?t=1554202796\"\/>\n\t\t\t\t\t\t\t\t<\/a>\n\t\t\t\t\t\t\t\t\t\t\t\t\t\t\t\t\t\t<\/div>\n\t\t\t\t<\/div>\n\t\t\t\t\t\t\t\t<h4>\n\t\t\t\t\t<a class='ngg-album-desc'\n\t\t\t\t\ttitle='B\u00fccher-Flohmarkt in Engelskirchen, August 2009' href='https:\/\/buechereien-engelskirchen.de\/index.php\/galerie\/2009\/buecher-flohmarkt-in-engelskirchen-august-2009?page_id=49'style=\"max-width: 200px\"\t\t\t\t\t>\n\t\t\t\t\t\tB\u00fccher-Flohmarkt in Engelskirchen, August 2009\t\t\t\t\t<\/a>\n\t\t\t\t<\/h4>\n\t\t\t\t<p class=\"ngg-album-gallery-image-counter\">\n\t\t\t\t\t\t\t\t\t\t\t<strong>5<\/strong>&nbsp;Fotos\t\t\t\t\t\t\t\t\t<\/p>\n\t\t\t<\/div>\n\t\t\t\t\t<div class=\"ngg-album-compact\">\n\t\t\t\t<div class=\"ngg-album-compactbox\">\n\t\t\t\t\t<div class=\"ngg-album-link\">\n\t\t\t\t\t\t\t\t\t\t\t\t\t\t\t\t\t\t\t\t\t<a title='Ferienspa\u00df in Engelskirchen -Haus Safari- Juli 2009' href='https:\/\/buechereien-engelskirchen.de\/index.php\/galerie\/2009\/ferienspass-in-engelskirchen-haus-safari-juli-2009?page_id=49'>\n\t\t\t\t\t\t\t\t\t<img class=\"Thumb\"\n\t\t\t\t\t\t\t\t\t\talt=\"Ferienspa\u00df in Engelskirchen -Haus Safari- Juli 2009\"\n\t\t\t\t\t\t\t\t\t\tsrc=\"https:\/\/buechereien-engelskirchen.de\/wp-content\/gallery\/ferienspass-in-engelskirchen-haus-safari-juli-2009\/cache\/pict0109.jpg-nggid03391-ngg0dyn-180x140x100-00f0w010c010r110f110r010t010.jpg?t=1554202796\"\/>\n\t\t\t\t\t\t\t\t<\/a>\n\t\t\t\t\t\t\t\t\t\t\t\t\t\t\t\t\t\t<\/div>\n\t\t\t\t<\/div>\n\t\t\t\t\t\t\t\t<h4>\n\t\t\t\t\t<a class='ngg-album-desc'\n\t\t\t\t\ttitle='Ferienspa\u00df in Engelskirchen -Haus Safari- Juli 2009' href='https:\/\/buechereien-engelskirchen.de\/index.php\/galerie\/2009\/ferienspass-in-engelskirchen-haus-safari-juli-2009?page_id=49'style=\"max-width: 200px\"\t\t\t\t\t>\n\t\t\t\t\t\tFerienspa\u00df in Engelskirchen -Haus Safari- Juli 2009\t\t\t\t\t<\/a>\n\t\t\t\t<\/h4>\n\t\t\t\t<p class=\"ngg-album-gallery-image-counter\">\n\t\t\t\t\t\t\t\t\t\t\t<strong>12<\/strong>&nbsp;Fotos\t\t\t\t\t\t\t\t\t<\/p>\n\t\t\t<\/div>\n\t\t\t\t\t<div class=\"ngg-album-compact\">\n\t\t\t\t<div class=\"ngg-album-compactbox\">\n\t\t\t\t\t<div class=\"ngg-album-link\">\n\t\t\t\t\t\t\t\t\t\t\t\t\t\t\t\t\t\t\t\t\t<a title='Heimatverein besucht B\u00fccherei R\u00fcnderoth, April 2009' href='https:\/\/buechereien-engelskirchen.de\/index.php\/galerie\/2009\/heimatverein-besucht-buecherei-ruenderoth-april-2009?page_id=49'>\n\t\t\t\t\t\t\t\t\t<img class=\"Thumb\"\n\t\t\t\t\t\t\t\t\t\talt=\"Heimatverein besucht B\u00fccherei R\u00fcnderoth, April 2009\"\n\t\t\t\t\t\t\t\t\t\tsrc=\"https:\/\/buechereien-engelskirchen.de\/wp-content\/gallery\/heimatverein-besucht-buecherei-ruenderoth-april-2009\/cache\/hvv_1.jpg-nggid03260-ngg0dyn-180x140x100-00f0w010c010r110f110r010t010.jpg?t=1554202796\"\/>\n\t\t\t\t\t\t\t\t<\/a>\n\t\t\t\t\t\t\t\t\t\t\t\t\t\t\t\t\t\t<\/div>\n\t\t\t\t<\/div>\n\t\t\t\t\t\t\t\t<h4>\n\t\t\t\t\t<a class='ngg-album-desc'\n\t\t\t\t\ttitle='Heimatverein besucht B\u00fccherei R\u00fcnderoth, April 2009' href='https:\/\/buechereien-engelskirchen.de\/index.php\/galerie\/2009\/heimatverein-besucht-buecherei-ruenderoth-april-2009?page_id=49'style=\"max-width: 200px\"\t\t\t\t\t>\n\t\t\t\t\t\tHeimatverein besucht B\u00fccherei R\u00fcnderoth, April 2009\t\t\t\t\t<\/a>\n\t\t\t\t<\/h4>\n\t\t\t\t<p class=\"ngg-album-gallery-image-counter\">\n\t\t\t\t\t\t\t\t\t\t\t<strong>4<\/strong>&nbsp;Fotos\t\t\t\t\t\t\t\t\t<\/p>\n\t\t\t<\/div>\n\t\t\t\t\t<div class=\"ngg-album-compact\">\n\t\t\t\t<div class=\"ngg-album-compactbox\">\n\t\t\t\t\t<div class=\"ngg-album-link\">\n\t\t\t\t\t\t\t\t\t\t\t\t\t\t\t\t\t\t\t\t\t<a title='Renovierung in R\u00fcnderoth, April 2009' href='https:\/\/buechereien-engelskirchen.de\/index.php\/galerie\/2009\/renovierung-in-ruenderoth-april-2009?page_id=49'>\n\t\t\t\t\t\t\t\t\t<img class=\"Thumb\"\n\t\t\t\t\t\t\t\t\t\talt=\"Renovierung in R\u00fcnderoth, April 2009\"\n\t\t\t\t\t\t\t\t\t\tsrc=\"https:\/\/buechereien-engelskirchen.de\/wp-content\/gallery\/renovierung-in-ruenderoth-april-2009\/cache\/renovierung_roth_2.jpg-nggid03306-ngg0dyn-180x140x100-00f0w010c010r110f110r010t010.jpg?t=1554202796\"\/>\n\t\t\t\t\t\t\t\t<\/a>\n\t\t\t\t\t\t\t\t\t\t\t\t\t\t\t\t\t\t<\/div>\n\t\t\t\t<\/div>\n\t\t\t\t\t\t\t\t<h4>\n\t\t\t\t\t<a class='ngg-album-desc'\n\t\t\t\t\ttitle='Renovierung in R\u00fcnderoth, April 2009' href='https:\/\/buechereien-engelskirchen.de\/index.php\/galerie\/2009\/renovierung-in-ruenderoth-april-2009?page_id=49'style=\"max-width: 200px\"\t\t\t\t\t>\n\t\t\t\t\t\tRenovierung in R\u00fcnderoth, April 2009\t\t\t\t\t<\/a>\n\t\t\t\t<\/h4>\n\t\t\t\t<p class=\"ngg-album-gallery-image-counter\">\n\t\t\t\t\t\t\t\t\t\t\t<strong>3<\/strong>&nbsp;Fotos\t\t\t\t\t\t\t\t\t<\/p>\n\t\t\t<\/div>\n\t\t\t\t<br class=\"ngg-clear\"\/>\n\t\t<div class='ngg-clear'><\/div>\t<\/div>\n<\/strong><\/span><\/p>\n<p><span style=\"font-size: 18px;\"><strong>2008\t<div class=\"ngg-albumoverview default-view\">\n\t\t\t\t\t<div class=\"ngg-album-compact\">\n\t\t\t\t<div class=\"ngg-album-compactbox\">\n\t\t\t\t\t<div class=\"ngg-album-link\">\n\t\t\t\t\t\t\t\t\t\t\t\t\t\t\t\t\t\t\t\t\t<a title='Mitarbeiterfest in Engelskirchen, August 2008' href='https:\/\/buechereien-engelskirchen.de\/index.php\/galerie\/2008\/mitarbeiterfest-in-engelskirchen-august-2008?page_id=49'>\n\t\t\t\t\t\t\t\t\t<img class=\"Thumb\"\n\t\t\t\t\t\t\t\t\t\talt=\"Mitarbeiterfest in Engelskirchen, August 2008\"\n\t\t\t\t\t\t\t\t\t\tsrc=\"https:\/\/buechereien-engelskirchen.de\/wp-content\/gallery\/mitarbeiterfest-in-engelskirchen-august-2008\/cache\/Grillfest2.JPG-nggid03656-ngg0dyn-180x140x100-00f0w010c010r110f110r010t010.JPG?t=1554370166\"\/>\n\t\t\t\t\t\t\t\t<\/a>\n\t\t\t\t\t\t\t\t\t\t\t\t\t\t\t\t\t\t<\/div>\n\t\t\t\t<\/div>\n\t\t\t\t\t\t\t\t<h4>\n\t\t\t\t\t<a class='ngg-album-desc'\n\t\t\t\t\ttitle='Mitarbeiterfest in Engelskirchen, August 2008' href='https:\/\/buechereien-engelskirchen.de\/index.php\/galerie\/2008\/mitarbeiterfest-in-engelskirchen-august-2008?page_id=49'style=\"max-width: 200px\"\t\t\t\t\t>\n\t\t\t\t\t\tMitarbeiterfest in Engelskirchen, August 2008\t\t\t\t\t<\/a>\n\t\t\t\t<\/h4>\n\t\t\t\t<p class=\"ngg-album-gallery-image-counter\">\n\t\t\t\t\t\t\t\t\t\t\t<strong>2<\/strong>&nbsp;Fotos\t\t\t\t\t\t\t\t\t<\/p>\n\t\t\t<\/div>\n\t\t\t\t\t<div class=\"ngg-album-compact\">\n\t\t\t\t<div class=\"ngg-album-compactbox\">\n\t\t\t\t\t<div class=\"ngg-album-link\">\n\t\t\t\t\t\t\t\t\t\t\t\t\t\t\t\t\t\t\t\t\t<a title='Impressionen aus R\u00fcnderoth, 2008' href='https:\/\/buechereien-engelskirchen.de\/index.php\/galerie\/2008\/impressionen-aus-ruenderoth-2008?page_id=49'>\n\t\t\t\t\t\t\t\t\t<img class=\"Thumb\"\n\t\t\t\t\t\t\t\t\t\talt=\"Impressionen aus R\u00fcnderoth, 2008\"\n\t\t\t\t\t\t\t\t\t\tsrc=\"https:\/\/buechereien-engelskirchen.de\/wp-content\/gallery\/impressionen-aus-ruenderoth-2008\/cache\/101-0126_IMG.JPG-nggid03763-ngg0dyn-180x140x100-00f0w010c010r110f110r010t010.JPG?t=1554202796\"\/>\n\t\t\t\t\t\t\t\t<\/a>\n\t\t\t\t\t\t\t\t\t\t\t\t\t\t\t\t\t\t<\/div>\n\t\t\t\t<\/div>\n\t\t\t\t\t\t\t\t<h4>\n\t\t\t\t\t<a class='ngg-album-desc'\n\t\t\t\t\ttitle='Impressionen aus R\u00fcnderoth, 2008' href='https:\/\/buechereien-engelskirchen.de\/index.php\/galerie\/2008\/impressionen-aus-ruenderoth-2008?page_id=49'style=\"max-width: 200px\"\t\t\t\t\t>\n\t\t\t\t\t\tImpressionen aus R\u00fcnderoth, 2008\t\t\t\t\t<\/a>\n\t\t\t\t<\/h4>\n\t\t\t\t<p class=\"ngg-album-gallery-image-counter\">\n\t\t\t\t\t\t\t\t\t\t\t<strong>14<\/strong>&nbsp;Fotos\t\t\t\t\t\t\t\t\t<\/p>\n\t\t\t<\/div>\n\t\t\t\t\t<div class=\"ngg-album-compact\">\n\t\t\t\t<div class=\"ngg-album-compactbox\">\n\t\t\t\t\t<div class=\"ngg-album-link\">\n\t\t\t\t\t\t\t\t\t\t\t\t\t\t\t\t\t\t\t\t\t<a title='Ferienspa\u00df in R\u00fcnderoth -Aggertalh\u00f6hle-  2008' href='https:\/\/buechereien-engelskirchen.de\/index.php\/galerie\/2008\/ferienspass-in-ruenderoth-aggertalhoehle-2005-2008?page_id=49'>\n\t\t\t\t\t\t\t\t\t<img class=\"Thumb\"\n\t\t\t\t\t\t\t\t\t\talt=\"Ferienspa\u00df in R\u00fcnderoth -Aggertalh\u00f6hle-  2008\"\n\t\t\t\t\t\t\t\t\t\tsrc=\"https:\/\/buechereien-engelskirchen.de\/wp-content\/gallery\/ferienspasaktion-2005-2008\/cache\/1ferienspass_2008.jpg-nggid0216-ngg0dyn-180x140x100-00f0w010c010r110f110r010t010.jpg?t=1554202797\"\/>\n\t\t\t\t\t\t\t\t<\/a>\n\t\t\t\t\t\t\t\t\t\t\t\t\t\t\t\t\t\t<\/div>\n\t\t\t\t<\/div>\n\t\t\t\t\t\t\t\t<h4>\n\t\t\t\t\t<a class='ngg-album-desc'\n\t\t\t\t\ttitle='Ferienspa\u00df in R\u00fcnderoth -Aggertalh\u00f6hle-  2008' href='https:\/\/buechereien-engelskirchen.de\/index.php\/galerie\/2008\/ferienspass-in-ruenderoth-aggertalhoehle-2005-2008?page_id=49'style=\"max-width: 200px\"\t\t\t\t\t>\n\t\t\t\t\t\tFerienspa\u00df in R\u00fcnderoth -Aggertalh\u00f6hle-  2008\t\t\t\t\t<\/a>\n\t\t\t\t<\/h4>\n\t\t\t\t<p class=\"ngg-album-gallery-image-counter\">\n\t\t\t\t\t\t\t\t\t\t\t<strong>4<\/strong>&nbsp;Fotos\t\t\t\t\t\t\t\t\t<\/p>\n\t\t\t<\/div>\n\t\t\t\t\t<div class=\"ngg-album-compact\">\n\t\t\t\t<div class=\"ngg-album-compactbox\">\n\t\t\t\t\t<div class=\"ngg-album-link\">\n\t\t\t\t\t\t\t\t\t\t\t\t\t\t\t\t\t\t\t\t\t<a title='Ferienspa\u00df in Engelskirchen -Lamatrekking- Juli 2008' href='https:\/\/buechereien-engelskirchen.de\/index.php\/galerie\/2008\/ferienspass-in-engelskirchen-lamatrekking-juli-2008?page_id=49'>\n\t\t\t\t\t\t\t\t\t<img class=\"Thumb\"\n\t\t\t\t\t\t\t\t\t\talt=\"Ferienspa\u00df in Engelskirchen -Lamatrekking- Juli 2008\"\n\t\t\t\t\t\t\t\t\t\tsrc=\"https:\/\/buechereien-engelskirchen.de\/wp-content\/gallery\/ferienspass-in-engelskirchen-lamatrekking-juli-2008\/cache\/pict0001.jpg-nggid03403-ngg0dyn-180x140x100-00f0w010c010r110f110r010t010.jpg?t=1554202797\"\/>\n\t\t\t\t\t\t\t\t<\/a>\n\t\t\t\t\t\t\t\t\t\t\t\t\t\t\t\t\t\t<\/div>\n\t\t\t\t<\/div>\n\t\t\t\t\t\t\t\t<h4>\n\t\t\t\t\t<a class='ngg-album-desc'\n\t\t\t\t\ttitle='Ferienspa\u00df in Engelskirchen -Lamatrekking- Juli 2008' href='https:\/\/buechereien-engelskirchen.de\/index.php\/galerie\/2008\/ferienspass-in-engelskirchen-lamatrekking-juli-2008?page_id=49'style=\"max-width: 200px\"\t\t\t\t\t>\n\t\t\t\t\t\tFerienspa\u00df in Engelskirchen -Lamatrekking- Juli 2008\t\t\t\t\t<\/a>\n\t\t\t\t<\/h4>\n\t\t\t\t<p class=\"ngg-album-gallery-image-counter\">\n\t\t\t\t\t\t\t\t\t\t\t<strong>14<\/strong>&nbsp;Fotos\t\t\t\t\t\t\t\t\t<\/p>\n\t\t\t<\/div>\n\t\t\t\t\t<div class=\"ngg-album-compact\">\n\t\t\t\t<div class=\"ngg-album-compactbox\">\n\t\t\t\t\t<div class=\"ngg-album-link\">\n\t\t\t\t\t\t\t\t\t\t\t\t\t\t\t\t\t\t\t\t\t<a title='Mitgliederausflug Moschee Engelskirchen, M\u00e4rz 2008' href='https:\/\/buechereien-engelskirchen.de\/index.php\/galerie\/2008\/mitgliederausflug-moschee-engelskirchen-maerz-2008?page_id=49'>\n\t\t\t\t\t\t\t\t\t<img class=\"Thumb\"\n\t\t\t\t\t\t\t\t\t\talt=\"Mitgliederausflug Moschee Engelskirchen, M\u00e4rz 2008\"\n\t\t\t\t\t\t\t\t\t\tsrc=\"https:\/\/buechereien-engelskirchen.de\/wp-content\/gallery\/mitgliederausflug-moschee-engelskirchen-maerz-2008\/cache\/moscheea.jpg-nggid03275-ngg0dyn-180x140x100-00f0w010c010r110f110r010t010.jpg?t=1554202797\"\/>\n\t\t\t\t\t\t\t\t<\/a>\n\t\t\t\t\t\t\t\t\t\t\t\t\t\t\t\t\t\t<\/div>\n\t\t\t\t<\/div>\n\t\t\t\t\t\t\t\t<h4>\n\t\t\t\t\t<a class='ngg-album-desc'\n\t\t\t\t\ttitle='Mitgliederausflug Moschee Engelskirchen, M\u00e4rz 2008' href='https:\/\/buechereien-engelskirchen.de\/index.php\/galerie\/2008\/mitgliederausflug-moschee-engelskirchen-maerz-2008?page_id=49'style=\"max-width: 200px\"\t\t\t\t\t>\n\t\t\t\t\t\tMitgliederausflug Moschee Engelskirchen, M\u00e4rz 2008\t\t\t\t\t<\/a>\n\t\t\t\t<\/h4>\n\t\t\t\t<p class=\"ngg-album-gallery-image-counter\">\n\t\t\t\t\t\t\t\t\t\t\t<strong>5<\/strong>&nbsp;Fotos\t\t\t\t\t\t\t\t\t<\/p>\n\t\t\t<\/div>\n\t\t\t\t<br class=\"ngg-clear\"\/>\n\t\t<div class='ngg-clear'><\/div>\t<\/div>\n<\/strong><\/span><\/p>\n<p><span style=\"font-size: 14pt;\"><strong>2007\t<div class=\"ngg-albumoverview default-view\">\n\t\t\t\t\t<div class=\"ngg-album-compact\">\n\t\t\t\t<div class=\"ngg-album-compactbox\">\n\t\t\t\t\t<div class=\"ngg-album-link\">\n\t\t\t\t\t\t\t\t\t\t\t\t\t\t\t\t\t\t\t\t\t<a title='Lesung mit Myriane Angelowski, R\u00fcnderoth, November 2007' href='https:\/\/buechereien-engelskirchen.de\/index.php\/galerie\/2007\/lesung-mit-myriane-angelowski-ruenderoth-november-2007?page_id=49'>\n\t\t\t\t\t\t\t\t\t<img class=\"Thumb\"\n\t\t\t\t\t\t\t\t\t\talt=\"Lesung mit Myriane Angelowski, R\u00fcnderoth, November 2007\"\n\t\t\t\t\t\t\t\t\t\tsrc=\"https:\/\/buechereien-engelskirchen.de\/wp-content\/gallery\/lesung-mit-myriane-angelowski-ruenderoth-november-2007\/cache\/lesung9.jpg-nggid03269-ngg0dyn-180x140x100-00f0w010c010r110f110r010t010.jpg?t=1554370168\"\/>\n\t\t\t\t\t\t\t\t<\/a>\n\t\t\t\t\t\t\t\t\t\t\t\t\t\t\t\t\t\t<\/div>\n\t\t\t\t<\/div>\n\t\t\t\t\t\t\t\t<h4>\n\t\t\t\t\t<a class='ngg-album-desc'\n\t\t\t\t\ttitle='Lesung mit Myriane Angelowski, R\u00fcnderoth, November 2007' href='https:\/\/buechereien-engelskirchen.de\/index.php\/galerie\/2007\/lesung-mit-myriane-angelowski-ruenderoth-november-2007?page_id=49'style=\"max-width: 200px\"\t\t\t\t\t>\n\t\t\t\t\t\tLesung mit Myriane Angelowski, R\u00fcnderoth, November 2007\t\t\t\t\t<\/a>\n\t\t\t\t<\/h4>\n\t\t\t\t<p class=\"ngg-album-gallery-image-counter\">\n\t\t\t\t\t\t\t\t\t\t\t<strong>5<\/strong>&nbsp;Fotos\t\t\t\t\t\t\t\t\t<\/p>\n\t\t\t<\/div>\n\t\t\t\t\t<div class=\"ngg-album-compact\">\n\t\t\t\t<div class=\"ngg-album-compactbox\">\n\t\t\t\t\t<div class=\"ngg-album-link\">\n\t\t\t\t\t\t\t\t\t\t\t\t\t\t\t\t\t\t\t\t\t<a title='Ferienspa\u00df in R\u00fcnderoth -Aggertalh\u00f6hle- 2007' href='https:\/\/buechereien-engelskirchen.de\/index.php\/galerie\/2007\/ferienspass-in-ruenderoth-aggertalhoehle-2007?page_id=49'>\n\t\t\t\t\t\t\t\t\t<img class=\"Thumb\"\n\t\t\t\t\t\t\t\t\t\talt=\"Ferienspa\u00df in R\u00fcnderoth -Aggertalh\u00f6hle- 2007\"\n\t\t\t\t\t\t\t\t\t\tsrc=\"https:\/\/buechereien-engelskirchen.de\/wp-content\/gallery\/ferienspass-in-ruenderoth-aggertalhoehle-2007\/cache\/ferienspass2007.jpg-nggid0223-ngg0dyn-180x140x100-00f0w010c010r110f110r010t010.jpg?t=1554202797\"\/>\n\t\t\t\t\t\t\t\t<\/a>\n\t\t\t\t\t\t\t\t\t\t\t\t\t\t\t\t\t\t<\/div>\n\t\t\t\t<\/div>\n\t\t\t\t\t\t\t\t<h4>\n\t\t\t\t\t<a class='ngg-album-desc'\n\t\t\t\t\ttitle='Ferienspa\u00df in R\u00fcnderoth -Aggertalh\u00f6hle- 2007' href='https:\/\/buechereien-engelskirchen.de\/index.php\/galerie\/2007\/ferienspass-in-ruenderoth-aggertalhoehle-2007?page_id=49'style=\"max-width: 200px\"\t\t\t\t\t>\n\t\t\t\t\t\tFerienspa\u00df in R\u00fcnderoth -Aggertalh\u00f6hle- 2007\t\t\t\t\t<\/a>\n\t\t\t\t<\/h4>\n\t\t\t\t<p class=\"ngg-album-gallery-image-counter\">\n\t\t\t\t\t\t\t\t\t\t\t<strong>1<\/strong>&nbsp;Fotos\t\t\t\t\t\t\t\t\t<\/p>\n\t\t\t<\/div>\n\t\t\t\t\t<div class=\"ngg-album-compact\">\n\t\t\t\t<div class=\"ngg-album-compactbox\">\n\t\t\t\t\t<div class=\"ngg-album-link\">\n\t\t\t\t\t\t\t\t\t\t\t\t\t\t\t\t\t\t\t\t\t<a title='Ausleihteams in Engelskirchen, M\u00e4rz 2007' href='https:\/\/buechereien-engelskirchen.de\/index.php\/galerie\/2007\/ausleihteams-in-engelskirchen-maerz-2007?page_id=49'>\n\t\t\t\t\t\t\t\t\t<img class=\"Thumb\"\n\t\t\t\t\t\t\t\t\t\talt=\"Ausleihteams in Engelskirchen, M\u00e4rz 2007\"\n\t\t\t\t\t\t\t\t\t\tsrc=\"https:\/\/buechereien-engelskirchen.de\/wp-content\/gallery\/ausleihteams-in-engelskirchen-maerz-2007\/cache\/PICT0029.JPG-nggid03644-ngg0dyn-180x140x100-00f0w010c010r110f110r010t010.JPG?t=1554202797\"\/>\n\t\t\t\t\t\t\t\t<\/a>\n\t\t\t\t\t\t\t\t\t\t\t\t\t\t\t\t\t\t<\/div>\n\t\t\t\t<\/div>\n\t\t\t\t\t\t\t\t<h4>\n\t\t\t\t\t<a class='ngg-album-desc'\n\t\t\t\t\ttitle='Ausleihteams in Engelskirchen, M\u00e4rz 2007' href='https:\/\/buechereien-engelskirchen.de\/index.php\/galerie\/2007\/ausleihteams-in-engelskirchen-maerz-2007?page_id=49'style=\"max-width: 200px\"\t\t\t\t\t>\n\t\t\t\t\t\tAusleihteams in Engelskirchen, M\u00e4rz 2007\t\t\t\t\t<\/a>\n\t\t\t\t<\/h4>\n\t\t\t\t<p class=\"ngg-album-gallery-image-counter\">\n\t\t\t\t\t\t\t\t\t\t\t<strong>13<\/strong>&nbsp;Fotos\t\t\t\t\t\t\t\t\t<\/p>\n\t\t\t<\/div>\n\t\t\t\t\t<div class=\"ngg-album-compact\">\n\t\t\t\t<div class=\"ngg-album-compactbox\">\n\t\t\t\t\t<div class=\"ngg-album-link\">\n\t\t\t\t\t\t\t\t\t\t\t\t\t\t\t\t\t\t\t\t\t<a title='Ausleihteams in R\u00fcnderoth, M\u00e4rz 2007' href='https:\/\/buechereien-engelskirchen.de\/index.php\/galerie\/2007\/ausleihteams-in-ruenderoth-maerz-2007?page_id=49'>\n\t\t\t\t\t\t\t\t\t<img class=\"Thumb\"\n\t\t\t\t\t\t\t\t\t\talt=\"Ausleihteams in R\u00fcnderoth, M\u00e4rz 2007\"\n\t\t\t\t\t\t\t\t\t\tsrc=\"https:\/\/buechereien-engelskirchen.de\/wp-content\/gallery\/ausleihteams-in-ruenderoth-maerz-2007\/cache\/teamruenderoth1.jpg-nggid03310-ngg0dyn-180x140x100-00f0w010c010r110f110r010t010.jpg?t=1554202797\"\/>\n\t\t\t\t\t\t\t\t<\/a>\n\t\t\t\t\t\t\t\t\t\t\t\t\t\t\t\t\t\t<\/div>\n\t\t\t\t<\/div>\n\t\t\t\t\t\t\t\t<h4>\n\t\t\t\t\t<a class='ngg-album-desc'\n\t\t\t\t\ttitle='Ausleihteams in R\u00fcnderoth, M\u00e4rz 2007' href='https:\/\/buechereien-engelskirchen.de\/index.php\/galerie\/2007\/ausleihteams-in-ruenderoth-maerz-2007?page_id=49'style=\"max-width: 200px\"\t\t\t\t\t>\n\t\t\t\t\t\tAusleihteams in R\u00fcnderoth, M\u00e4rz 2007\t\t\t\t\t<\/a>\n\t\t\t\t<\/h4>\n\t\t\t\t<p class=\"ngg-album-gallery-image-counter\">\n\t\t\t\t\t\t\t\t\t\t\t<strong>3<\/strong>&nbsp;Fotos\t\t\t\t\t\t\t\t\t<\/p>\n\t\t\t<\/div>\n\t\t\t\t<br class=\"ngg-clear\"\/>\n\t\t<div class='ngg-clear'><\/div>\t<\/div>\n<\/strong><\/span><\/p>\n<p><span style=\"font-size: 18px;\"><strong>2006\t<div class=\"ngg-albumoverview default-view\">\n\t\t\t\t\t<div class=\"ngg-album-compact\">\n\t\t\t\t<div class=\"ngg-album-compactbox\">\n\t\t\t\t\t<div class=\"ngg-album-link\">\n\t\t\t\t\t\t\t\t\t\t\t\t\t\t\t\t\t\t\t\t\t<a title='Kinderlesung in Engelskirchen, Dezember 2006' href='https:\/\/buechereien-engelskirchen.de\/index.php\/galerie\/album\/kinderlesung-in-engelskirchen-dezember-2006?page_id=49'>\n\t\t\t\t\t\t\t\t\t<img class=\"Thumb\"\n\t\t\t\t\t\t\t\t\t\talt=\"Kinderlesung in Engelskirchen, Dezember 2006\"\n\t\t\t\t\t\t\t\t\t\tsrc=\"https:\/\/buechereien-engelskirchen.de\/wp-content\/gallery\/kinderlesung-in-engelskirchen-dezember-2006\/cache\/dsc00209.jpg-nggid03460-ngg0dyn-180x140x100-00f0w010c010r110f110r010t010.jpg?t=1554370169\"\/>\n\t\t\t\t\t\t\t\t<\/a>\n\t\t\t\t\t\t\t\t\t\t\t\t\t\t\t\t\t\t<\/div>\n\t\t\t\t<\/div>\n\t\t\t\t\t\t\t\t<h4>\n\t\t\t\t\t<a class='ngg-album-desc'\n\t\t\t\t\ttitle='Kinderlesung in Engelskirchen, Dezember 2006' href='https:\/\/buechereien-engelskirchen.de\/index.php\/galerie\/album\/kinderlesung-in-engelskirchen-dezember-2006?page_id=49'style=\"max-width: 200px\"\t\t\t\t\t>\n\t\t\t\t\t\tKinderlesung in Engelskirchen, Dezember 2006\t\t\t\t\t<\/a>\n\t\t\t\t<\/h4>\n\t\t\t\t<p class=\"ngg-album-gallery-image-counter\">\n\t\t\t\t\t\t\t\t\t\t\t<strong>3<\/strong>&nbsp;Fotos\t\t\t\t\t\t\t\t\t<\/p>\n\t\t\t<\/div>\n\t\t\t\t\t<div class=\"ngg-album-compact\">\n\t\t\t\t<div class=\"ngg-album-compactbox\">\n\t\t\t\t\t<div class=\"ngg-album-link\">\n\t\t\t\t\t\t\t\t\t\t\t\t\t\t\t\t\t\t\t\t\t<a title='Mitarbeiterfest in Engelskirchen, Oktober 2006' href='https:\/\/buechereien-engelskirchen.de\/index.php\/galerie\/album\/mitarbeiterfest-in-engelskirchen-oktober-2006?page_id=49'>\n\t\t\t\t\t\t\t\t\t<img class=\"Thumb\"\n\t\t\t\t\t\t\t\t\t\talt=\"Mitarbeiterfest in Engelskirchen, Oktober 2006\"\n\t\t\t\t\t\t\t\t\t\tsrc=\"https:\/\/buechereien-engelskirchen.de\/wp-content\/gallery\/mitarbeiterfest-in-engelskirchen-oktober-2006\/cache\/pict0008.jpg-nggid03501-ngg0dyn-180x140x100-00f0w010c010r110f110r010t010.jpg?t=1554202798\"\/>\n\t\t\t\t\t\t\t\t<\/a>\n\t\t\t\t\t\t\t\t\t\t\t\t\t\t\t\t\t\t<\/div>\n\t\t\t\t<\/div>\n\t\t\t\t\t\t\t\t<h4>\n\t\t\t\t\t<a class='ngg-album-desc'\n\t\t\t\t\ttitle='Mitarbeiterfest in Engelskirchen, Oktober 2006' href='https:\/\/buechereien-engelskirchen.de\/index.php\/galerie\/album\/mitarbeiterfest-in-engelskirchen-oktober-2006?page_id=49'style=\"max-width: 200px\"\t\t\t\t\t>\n\t\t\t\t\t\tMitarbeiterfest in Engelskirchen, Oktober 2006\t\t\t\t\t<\/a>\n\t\t\t\t<\/h4>\n\t\t\t\t<p class=\"ngg-album-gallery-image-counter\">\n\t\t\t\t\t\t\t\t\t\t\t<strong>9<\/strong>&nbsp;Fotos\t\t\t\t\t\t\t\t\t<\/p>\n\t\t\t<\/div>\n\t\t\t\t\t<div class=\"ngg-album-compact\">\n\t\t\t\t<div class=\"ngg-album-compactbox\">\n\t\t\t\t\t<div class=\"ngg-album-link\">\n\t\t\t\t\t\t\t\t\t\t\t\t\t\t\t\t\t\t\t\t\t<a title='Ferienspa\u00df in R\u00fcnderoth -Aggertalh\u00f6hle- 2006' href='https:\/\/buechereien-engelskirchen.de\/index.php\/galerie\/album\/ferienspass-in-ruenderoth-aggertalhoehle-2006?page_id=49'>\n\t\t\t\t\t\t\t\t\t<img class=\"Thumb\"\n\t\t\t\t\t\t\t\t\t\talt=\"Ferienspa\u00df in R\u00fcnderoth -Aggertalh\u00f6hle- 2006\"\n\t\t\t\t\t\t\t\t\t\tsrc=\"https:\/\/buechereien-engelskirchen.de\/wp-content\/gallery\/ferienspass-in-ruenderoth-aggertalhoehle-2006\/cache\/ferienspass-2006-ruenderoth-1.jpg-nggid0221-ngg0dyn-180x140x100-00f0w010c010r110f110r010t010.jpg?t=1554202798\"\/>\n\t\t\t\t\t\t\t\t<\/a>\n\t\t\t\t\t\t\t\t\t\t\t\t\t\t\t\t\t\t<\/div>\n\t\t\t\t<\/div>\n\t\t\t\t\t\t\t\t<h4>\n\t\t\t\t\t<a class='ngg-album-desc'\n\t\t\t\t\ttitle='Ferienspa\u00df in R\u00fcnderoth -Aggertalh\u00f6hle- 2006' href='https:\/\/buechereien-engelskirchen.de\/index.php\/galerie\/album\/ferienspass-in-ruenderoth-aggertalhoehle-2006?page_id=49'style=\"max-width: 200px\"\t\t\t\t\t>\n\t\t\t\t\t\tFerienspa\u00df in R\u00fcnderoth -Aggertalh\u00f6hle- 2006\t\t\t\t\t<\/a>\n\t\t\t\t<\/h4>\n\t\t\t\t<p class=\"ngg-album-gallery-image-counter\">\n\t\t\t\t\t\t\t\t\t\t\t<strong>3<\/strong>&nbsp;Fotos\t\t\t\t\t\t\t\t\t<\/p>\n\t\t\t<\/div>\n\t\t\t\t\t<div class=\"ngg-album-compact\">\n\t\t\t\t<div class=\"ngg-album-compactbox\">\n\t\t\t\t\t<div class=\"ngg-album-link\">\n\t\t\t\t\t\t\t\t\t\t\t\t\t\t\t\t\t\t\t\t\t<a title='Ferienspa\u00df in Engelskirchen -WM der Tiere- Juli 2006' href='https:\/\/buechereien-engelskirchen.de\/index.php\/galerie\/album\/ferienspass-in-engelskirchen-wm-der-tiere-juli-2006?page_id=49'>\n\t\t\t\t\t\t\t\t\t<img class=\"Thumb\"\n\t\t\t\t\t\t\t\t\t\talt=\"Ferienspa\u00df in Engelskirchen -WM der Tiere- Juli 2006\"\n\t\t\t\t\t\t\t\t\t\tsrc=\"https:\/\/buechereien-engelskirchen.de\/wp-content\/gallery\/ferienspass-in-engelskirchen-wm-der-tiere-juli-2006\/cache\/bscherei-csd-021.jpg-nggid03590-ngg0dyn-180x140x100-00f0w010c010r110f110r010t010.jpg?t=1554202798\"\/>\n\t\t\t\t\t\t\t\t<\/a>\n\t\t\t\t\t\t\t\t\t\t\t\t\t\t\t\t\t\t<\/div>\n\t\t\t\t<\/div>\n\t\t\t\t\t\t\t\t<h4>\n\t\t\t\t\t<a class='ngg-album-desc'\n\t\t\t\t\ttitle='Ferienspa\u00df in Engelskirchen -WM der Tiere- Juli 2006' href='https:\/\/buechereien-engelskirchen.de\/index.php\/galerie\/album\/ferienspass-in-engelskirchen-wm-der-tiere-juli-2006?page_id=49'style=\"max-width: 200px\"\t\t\t\t\t>\n\t\t\t\t\t\tFerienspa\u00df in Engelskirchen -WM der Tiere- Juli 2006\t\t\t\t\t<\/a>\n\t\t\t\t<\/h4>\n\t\t\t\t<p class=\"ngg-album-gallery-image-counter\">\n\t\t\t\t\t\t\t\t\t\t\t<strong>10<\/strong>&nbsp;Fotos\t\t\t\t\t\t\t\t\t<\/p>\n\t\t\t<\/div>\n\t\t\t\t<br class=\"ngg-clear\"\/>\n\t\t<div class='ngg-clear'><\/div>\t<\/div>\n<\/strong><\/span><\/p>\n<p><span style=\"font-size: 14pt;\"><strong>2005\t<div class=\"ngg-albumoverview default-view\">\n\t\t\t\t\t<div class=\"ngg-album-compact\">\n\t\t\t\t<div class=\"ngg-album-compactbox\">\n\t\t\t\t\t<div class=\"ngg-album-link\">\n\t\t\t\t\t\t\t\t\t\t\t\t\t\t\t\t\t\t\t\t\t<a title='Fest der Elemente, Juli 2005' href='https:\/\/buechereien-engelskirchen.de\/index.php\/galerie\/2005\/fest-der-elemente-juli-2005?page_id=49'>\n\t\t\t\t\t\t\t\t\t<img class=\"Thumb\"\n\t\t\t\t\t\t\t\t\t\talt=\"Fest der Elemente, Juli 2005\"\n\t\t\t\t\t\t\t\t\t\tsrc=\"https:\/\/buechereien-engelskirchen.de\/wp-content\/gallery\/fest-der-elemente-juli-2005\/cache\/fest-der-elemente-2005-1.jpg-nggid03244-ngg0dyn-180x140x100-00f0w010c010r110f110r010t010.jpg?t=1554370169\"\/>\n\t\t\t\t\t\t\t\t<\/a>\n\t\t\t\t\t\t\t\t\t\t\t\t\t\t\t\t\t\t<\/div>\n\t\t\t\t<\/div>\n\t\t\t\t\t\t\t\t<h4>\n\t\t\t\t\t<a class='ngg-album-desc'\n\t\t\t\t\ttitle='Fest der Elemente, Juli 2005' href='https:\/\/buechereien-engelskirchen.de\/index.php\/galerie\/2005\/fest-der-elemente-juli-2005?page_id=49'style=\"max-width: 200px\"\t\t\t\t\t>\n\t\t\t\t\t\tFest der Elemente, Juli 2005\t\t\t\t\t<\/a>\n\t\t\t\t<\/h4>\n\t\t\t\t<p class=\"ngg-album-gallery-image-counter\">\n\t\t\t\t\t\t\t\t\t\t\t<strong>2<\/strong>&nbsp;Fotos\t\t\t\t\t\t\t\t\t<\/p>\n\t\t\t<\/div>\n\t\t\t\t\t<div class=\"ngg-album-compact\">\n\t\t\t\t<div class=\"ngg-album-compactbox\">\n\t\t\t\t\t<div class=\"ngg-album-link\">\n\t\t\t\t\t\t\t\t\t\t\t\t\t\t\t\t\t\t\t\t\t<a title='Lesung mit Hildegard Oberb\u00fcscher, R\u00fcnderoth, 2005' href='https:\/\/buechereien-engelskirchen.de\/index.php\/galerie\/2005\/lesung-mit-hildegard-oberbuescher-ruenderoth-2005?page_id=49'>\n\t\t\t\t\t\t\t\t\t<img class=\"Thumb\"\n\t\t\t\t\t\t\t\t\t\talt=\"Lesung mit Hildegard Oberb\u00fcscher, R\u00fcnderoth, 2005\"\n\t\t\t\t\t\t\t\t\t\tsrc=\"https:\/\/buechereien-engelskirchen.de\/wp-content\/gallery\/lesung-mit-hildegard-oberbuescher-ruenderoth-2005\/cache\/lesung-mit-hildegard-oberbuescher-2005.jpg-nggid03267-ngg0dyn-180x140x100-00f0w010c010r110f110r010t010.jpg?t=1554202798\"\/>\n\t\t\t\t\t\t\t\t<\/a>\n\t\t\t\t\t\t\t\t\t\t\t\t\t\t\t\t\t\t<\/div>\n\t\t\t\t<\/div>\n\t\t\t\t\t\t\t\t<h4>\n\t\t\t\t\t<a class='ngg-album-desc'\n\t\t\t\t\ttitle='Lesung mit Hildegard Oberb\u00fcscher, R\u00fcnderoth, 2005' href='https:\/\/buechereien-engelskirchen.de\/index.php\/galerie\/2005\/lesung-mit-hildegard-oberbuescher-ruenderoth-2005?page_id=49'style=\"max-width: 200px\"\t\t\t\t\t>\n\t\t\t\t\t\tLesung mit Hildegard Oberb\u00fcscher, R\u00fcnderoth, 2005\t\t\t\t\t<\/a>\n\t\t\t\t<\/h4>\n\t\t\t\t<p class=\"ngg-album-gallery-image-counter\">\n\t\t\t\t\t\t\t\t\t\t\t<strong>3<\/strong>&nbsp;Fotos\t\t\t\t\t\t\t\t\t<\/p>\n\t\t\t<\/div>\n\t\t\t\t<br class=\"ngg-clear\"\/>\n\t\t<div class='ngg-clear'><\/div>\t<\/div>\n<\/strong><\/span><\/p>\n<p><span style=\"font-size: 14pt;\"><strong>2004\t<div class=\"ngg-albumoverview default-view\">\n\t\t\t\t\t<div class=\"ngg-album-compact\">\n\t\t\t\t<div class=\"ngg-album-compactbox\">\n\t\t\t\t\t<div class=\"ngg-album-link\">\n\t\t\t\t\t\t\t\t\t\t\t\t\t\t\t\t\t\t\t\t\t<a title='Nikolausfeier in R\u00fcnderoth, Dezember 2004' href='https:\/\/buechereien-engelskirchen.de\/index.php\/galerie\/2004\/nikolausfeier-in-ruenderoth-dezember-2004?page_id=49'>\n\t\t\t\t\t\t\t\t\t<img class=\"Thumb\"\n\t\t\t\t\t\t\t\t\t\talt=\"Nikolausfeier in R\u00fcnderoth, Dezember 2004\"\n\t\t\t\t\t\t\t\t\t\tsrc=\"https:\/\/buechereien-engelskirchen.de\/wp-content\/gallery\/nikolausfeier-in-ruenderoth-dezember-2004\/cache\/nikolaus-2004.jpg-nggid03281-ngg0dyn-180x140x100-00f0w010c010r110f110r010t010.jpg?t=1554370170\"\/>\n\t\t\t\t\t\t\t\t<\/a>\n\t\t\t\t\t\t\t\t\t\t\t\t\t\t\t\t\t\t<\/div>\n\t\t\t\t<\/div>\n\t\t\t\t\t\t\t\t<h4>\n\t\t\t\t\t<a class='ngg-album-desc'\n\t\t\t\t\ttitle='Nikolausfeier in R\u00fcnderoth, Dezember 2004' href='https:\/\/buechereien-engelskirchen.de\/index.php\/galerie\/2004\/nikolausfeier-in-ruenderoth-dezember-2004?page_id=49'style=\"max-width: 200px\"\t\t\t\t\t>\n\t\t\t\t\t\tNikolausfeier in R\u00fcnderoth, Dezember 2004\t\t\t\t\t<\/a>\n\t\t\t\t<\/h4>\n\t\t\t\t<p class=\"ngg-album-gallery-image-counter\">\n\t\t\t\t\t\t\t\t\t\t\t<strong>3<\/strong>&nbsp;Fotos\t\t\t\t\t\t\t\t\t<\/p>\n\t\t\t<\/div>\n\t\t\t\t\t<div class=\"ngg-album-compact\">\n\t\t\t\t<div class=\"ngg-album-compactbox\">\n\t\t\t\t\t<div class=\"ngg-album-link\">\n\t\t\t\t\t\t\t\t\t\t\t\t\t\t\t\t\t\t\t\t\t<a title='Bundesweiter Vorlesetag, November 2004' href='https:\/\/buechereien-engelskirchen.de\/index.php\/galerie\/2004\/bundesweiter-vorlesetag-ruenderoth-november-2004?page_id=49'>\n\t\t\t\t\t\t\t\t\t<img class=\"Thumb\"\n\t\t\t\t\t\t\t\t\t\talt=\"Bundesweiter Vorlesetag, November 2004\"\n\t\t\t\t\t\t\t\t\t\tsrc=\"https:\/\/buechereien-engelskirchen.de\/wp-content\/gallery\/bundesweiter-vorlesetag-ruenderoth-november-2004\/cache\/bundesweiter-vorlesetag-2004-ruenderoth-1.jpg-nggid03238-ngg0dyn-180x140x100-00f0w010c010r110f110r010t010.jpg?t=1554202798\"\/>\n\t\t\t\t\t\t\t\t<\/a>\n\t\t\t\t\t\t\t\t\t\t\t\t\t\t\t\t\t\t<\/div>\n\t\t\t\t<\/div>\n\t\t\t\t\t\t\t\t<h4>\n\t\t\t\t\t<a class='ngg-album-desc'\n\t\t\t\t\ttitle='Bundesweiter Vorlesetag, November 2004' href='https:\/\/buechereien-engelskirchen.de\/index.php\/galerie\/2004\/bundesweiter-vorlesetag-ruenderoth-november-2004?page_id=49'style=\"max-width: 200px\"\t\t\t\t\t>\n\t\t\t\t\t\tBundesweiter Vorlesetag, November 2004\t\t\t\t\t<\/a>\n\t\t\t\t<\/h4>\n\t\t\t\t<p class=\"ngg-album-gallery-image-counter\">\n\t\t\t\t\t\t\t\t\t\t\t<strong>3<\/strong>&nbsp;Fotos\t\t\t\t\t\t\t\t\t<\/p>\n\t\t\t<\/div>\n\t\t\t\t\t<div class=\"ngg-album-compact\">\n\t\t\t\t<div class=\"ngg-album-compactbox\">\n\t\t\t\t\t<div class=\"ngg-album-link\">\n\t\t\t\t\t\t\t\t\t\t\t\t\t\t\t\t\t\t\t\t\t<a title='Stand auf dem Martinsmarkt, November 2004' href='https:\/\/buechereien-engelskirchen.de\/index.php\/galerie\/2004\/stand-auf-dem-martinsmarkt-november?page_id=49'>\n\t\t\t\t\t\t\t\t\t<img class=\"Thumb\"\n\t\t\t\t\t\t\t\t\t\talt=\"Stand auf dem Martinsmarkt, November 2004\"\n\t\t\t\t\t\t\t\t\t\tsrc=\"https:\/\/buechereien-engelskirchen.de\/wp-content\/gallery\/stand-auf-dem-martinsmarkt-november\/cache\/P1010728.JPG-nggid03759-ngg0dyn-180x140x100-00f0w010c010r110f110r010t010.JPG?t=1554202798\"\/>\n\t\t\t\t\t\t\t\t<\/a>\n\t\t\t\t\t\t\t\t\t\t\t\t\t\t\t\t\t\t<\/div>\n\t\t\t\t<\/div>\n\t\t\t\t\t\t\t\t<h4>\n\t\t\t\t\t<a class='ngg-album-desc'\n\t\t\t\t\ttitle='Stand auf dem Martinsmarkt, November 2004' href='https:\/\/buechereien-engelskirchen.de\/index.php\/galerie\/2004\/stand-auf-dem-martinsmarkt-november?page_id=49'style=\"max-width: 200px\"\t\t\t\t\t>\n\t\t\t\t\t\tStand auf dem Martinsmarkt, November 2004\t\t\t\t\t<\/a>\n\t\t\t\t<\/h4>\n\t\t\t\t<p class=\"ngg-album-gallery-image-counter\">\n\t\t\t\t\t\t\t\t\t\t\t<strong>6<\/strong>&nbsp;Fotos\t\t\t\t\t\t\t\t\t<\/p>\n\t\t\t<\/div>\n\t\t\t\t\t<div class=\"ngg-album-compact\">\n\t\t\t\t<div class=\"ngg-album-compactbox\">\n\t\t\t\t\t<div class=\"ngg-album-link\">\n\t\t\t\t\t\t\t\t\t\t\t\t\t\t\t\t\t\t\t\t\t<a title='Er\u00f6ffnung in Engelskirchen, September 2004' href='https:\/\/buechereien-engelskirchen.de\/index.php\/galerie\/2004\/eroeffnung-in-engelskirchen-november-2004?page_id=49'>\n\t\t\t\t\t\t\t\t\t<img class=\"Thumb\"\n\t\t\t\t\t\t\t\t\t\talt=\"Er\u00f6ffnung in Engelskirchen, September 2004\"\n\t\t\t\t\t\t\t\t\t\tsrc=\"https:\/\/buechereien-engelskirchen.de\/wp-content\/gallery\/eroeffnung-in-engelskirchen-november-2004\/cache\/B%C3%BCcherei-EK-11.2004-4.jpg-nggid03636-ngg0dyn-180x140x100-00f0w010c010r110f110r010t010.jpg?t=1554202798\"\/>\n\t\t\t\t\t\t\t\t<\/a>\n\t\t\t\t\t\t\t\t\t\t\t\t\t\t\t\t\t\t<\/div>\n\t\t\t\t<\/div>\n\t\t\t\t\t\t\t\t<h4>\n\t\t\t\t\t<a class='ngg-album-desc'\n\t\t\t\t\ttitle='Er\u00f6ffnung in Engelskirchen, September 2004' href='https:\/\/buechereien-engelskirchen.de\/index.php\/galerie\/2004\/eroeffnung-in-engelskirchen-november-2004?page_id=49'style=\"max-width: 200px\"\t\t\t\t\t>\n\t\t\t\t\t\tEr\u00f6ffnung in Engelskirchen, September 2004\t\t\t\t\t<\/a>\n\t\t\t\t<\/h4>\n\t\t\t\t<p class=\"ngg-album-gallery-image-counter\">\n\t\t\t\t\t\t\t\t\t\t\t<strong>6<\/strong>&nbsp;Fotos\t\t\t\t\t\t\t\t\t<\/p>\n\t\t\t<\/div>\n\t\t\t\t\t<div class=\"ngg-album-compact\">\n\t\t\t\t<div class=\"ngg-album-compactbox\">\n\t\t\t\t\t<div class=\"ngg-album-link\">\n\t\t\t\t\t\t\t\t\t\t\t\t\t\t\t\t\t\t\t\t\t<a title='Neuer\u00f6ffnung \/ ToT \/ B\u00fccherflohmarkt in R\u00fcnderoth, Oktober 2004' href='https:\/\/buechereien-engelskirchen.de\/index.php\/galerie\/2004\/neueroeffnungtotbuecherflohmarkt-in-ruenderoth-oktober-2004?page_id=49'>\n\t\t\t\t\t\t\t\t\t<img class=\"Thumb\"\n\t\t\t\t\t\t\t\t\t\talt=\"Neuer\u00f6ffnung \/ ToT \/ B\u00fccherflohmarkt in R\u00fcnderoth, Oktober 2004\"\n\t\t\t\t\t\t\t\t\t\tsrc=\"https:\/\/buechereien-engelskirchen.de\/wp-content\/gallery\/neueroeffnungtotbuecherflohmarkt-in-ruenderoth-oktober-2004\/cache\/luftballonaktion-2004.jpg-nggid03273-ngg0dyn-180x140x100-00f0w010c010r110f110r010t010.jpg?t=1554202799\"\/>\n\t\t\t\t\t\t\t\t<\/a>\n\t\t\t\t\t\t\t\t\t\t\t\t\t\t\t\t\t\t<\/div>\n\t\t\t\t<\/div>\n\t\t\t\t\t\t\t\t<h4>\n\t\t\t\t\t<a class='ngg-album-desc'\n\t\t\t\t\ttitle='Neuer\u00f6ffnung \/ ToT \/ B\u00fccherflohmarkt in R\u00fcnderoth, Oktober 2004' href='https:\/\/buechereien-engelskirchen.de\/index.php\/galerie\/2004\/neueroeffnungtotbuecherflohmarkt-in-ruenderoth-oktober-2004?page_id=49'style=\"max-width: 200px\"\t\t\t\t\t>\n\t\t\t\t\t\tNeuer\u00f6ffnung \/ ToT \/ B\u00fccherflohmarkt in R\u00fcnderoth, Oktober 2004\t\t\t\t\t<\/a>\n\t\t\t\t<\/h4>\n\t\t\t\t<p class=\"ngg-album-gallery-image-counter\">\n\t\t\t\t\t\t\t\t\t\t\t<strong>11<\/strong>&nbsp;Fotos\t\t\t\t\t\t\t\t\t<\/p>\n\t\t\t<\/div>\n\t\t\t\t\t<div class=\"ngg-album-compact\">\n\t\t\t\t<div class=\"ngg-album-compactbox\">\n\t\t\t\t\t<div class=\"ngg-album-link\">\n\t\t\t\t\t\t\t\t\t\t\t\t\t\t\t\t\t\t\t\t\t<a title='Aufr\u00e4umung\/Renovierung in Engelskirchen, August 2004' href='https:\/\/buechereien-engelskirchen.de\/index.php\/galerie\/2004\/aufraeumungrenovierung-in-engelskirchen-september-2004?page_id=49'>\n\t\t\t\t\t\t\t\t\t<img class=\"Thumb\"\n\t\t\t\t\t\t\t\t\t\talt=\"Aufr\u00e4umung\/Renovierung in Engelskirchen, August 2004\"\n\t\t\t\t\t\t\t\t\t\tsrc=\"https:\/\/buechereien-engelskirchen.de\/wp-content\/gallery\/aufraeumungrenovierung-in-engelskirchen-september-2004\/cache\/B%C3%BCcherei-EK-09.2004-7.jpg-nggid03632-ngg0dyn-180x140x100-00f0w010c010r110f110r010t010.jpg?t=1554202799\"\/>\n\t\t\t\t\t\t\t\t<\/a>\n\t\t\t\t\t\t\t\t\t\t\t\t\t\t\t\t\t\t<\/div>\n\t\t\t\t<\/div>\n\t\t\t\t\t\t\t\t<h4>\n\t\t\t\t\t<a class='ngg-album-desc'\n\t\t\t\t\ttitle='Aufr\u00e4umung\/Renovierung in Engelskirchen, August 2004' href='https:\/\/buechereien-engelskirchen.de\/index.php\/galerie\/2004\/aufraeumungrenovierung-in-engelskirchen-september-2004?page_id=49'style=\"max-width: 200px\"\t\t\t\t\t>\n\t\t\t\t\t\tAufr\u00e4umung\/Renovierung in Engelskirchen, August 2004\t\t\t\t\t<\/a>\n\t\t\t\t<\/h4>\n\t\t\t\t<p class=\"ngg-album-gallery-image-counter\">\n\t\t\t\t\t\t\t\t\t\t\t<strong>7<\/strong>&nbsp;Fotos\t\t\t\t\t\t\t\t\t<\/p>\n\t\t\t<\/div>\n\t\t\t\t\t<div class=\"ngg-album-compact\">\n\t\t\t\t<div class=\"ngg-album-compactbox\">\n\t\t\t\t\t<div class=\"ngg-album-link\">\n\t\t\t\t\t\t\t\t\t\t\t\t\t\t\t\t\t\t\t\t\t<a title='Aufr\u00e4umung\/Renovierung in R\u00fcnderoth, August 2004' href='https:\/\/buechereien-engelskirchen.de\/index.php\/galerie\/2004\/aufraeumungrenovierung-in-ruenderoth-august-2004?page_id=49'>\n\t\t\t\t\t\t\t\t\t<img class=\"Thumb\"\n\t\t\t\t\t\t\t\t\t\talt=\"Aufr\u00e4umung\/Renovierung in R\u00fcnderoth, August 2004\"\n\t\t\t\t\t\t\t\t\t\tsrc=\"https:\/\/buechereien-engelskirchen.de\/wp-content\/gallery\/aufraeumungrenovierung-in-ruenderoth-august-2004\/cache\/P1010763.JPG-nggid03756-ngg0dyn-180x140x100-00f0w010c010r110f110r010t010.JPG?t=1554202799\"\/>\n\t\t\t\t\t\t\t\t<\/a>\n\t\t\t\t\t\t\t\t\t\t\t\t\t\t\t\t\t\t<\/div>\n\t\t\t\t<\/div>\n\t\t\t\t\t\t\t\t<h4>\n\t\t\t\t\t<a class='ngg-album-desc'\n\t\t\t\t\ttitle='Aufr\u00e4umung\/Renovierung in R\u00fcnderoth, August 2004' href='https:\/\/buechereien-engelskirchen.de\/index.php\/galerie\/2004\/aufraeumungrenovierung-in-ruenderoth-august-2004?page_id=49'style=\"max-width: 200px\"\t\t\t\t\t>\n\t\t\t\t\t\tAufr\u00e4umung\/Renovierung in R\u00fcnderoth, August 2004\t\t\t\t\t<\/a>\n\t\t\t\t<\/h4>\n\t\t\t\t<p class=\"ngg-album-gallery-image-counter\">\n\t\t\t\t\t\t\t\t\t\t\t<strong>1<\/strong>&nbsp;Fotos\t\t\t\t\t\t\t\t\t<\/p>\n\t\t\t<\/div>\n\t\t\t\t<br class=\"ngg-clear\"\/>\n\t\t<div class='ngg-clear'><\/div>\t<\/div>\n<\/strong><\/span><\/p>\n","protected":false},"excerpt":{"rendered":"<p>2019 2018 2017 2016 Mitarbeiterfest in R\u00fcnderoth, Januar 2016 9&nbsp;Fotos Literarische Weinlese in Engelskirchen, September 2016 17&nbsp;Fotos B\u00fccher-Flohmarkt in R\u00fcnderoth, November 2016 5&nbsp;Fotos 2015 Mitarbeiterfest in Engelskirchen, Januar 2015 8&nbsp;Fotos Mitgliederausflug Schloss Homburg, M\u00e4rz 2015 15&nbsp;Fotos Grundschule R\u00fcnderoth besucht die B\u00fccherei, April 2015 4&nbsp;Fotos Kindergartenbesuch in Engelskirchen, Mai 2015 7&nbsp;Fotos Ferienspa\u00df in Engelskirchen -Lamatrekking- Juli &#8230; <\/p>\n<p class=\"read-more-container\"><a title=\"Galerie\" class=\"read-more button\" href=\"https:\/\/buechereien-engelskirchen.de\/?page_id=49#more-49\" aria-label=\"Mehr zu Galerie\">Weiterlesen &#8230;<\/a><\/p>\n","protected":false},"author":1,"featured_media":0,"parent":0,"menu_order":0,"comment_status":"closed","ping_status":"closed","template":"","meta":{"ngg_post_thumbnail":0,"footnotes":""},"folder":[],"class_list":["post-49","page","type-page","status-publish"],"_links":{"self":[{"href":"https:\/\/buechereien-engelskirchen.de\/index.php?rest_route=\/wp\/v2\/pages\/49","targetHints":{"allow":["GET"]}}],"collection":[{"href":"https:\/\/buechereien-engelskirchen.de\/index.php?rest_route=\/wp\/v2\/pages"}],"about":[{"href":"https:\/\/buechereien-engelskirchen.de\/index.php?rest_route=\/wp\/v2\/types\/page"}],"author":[{"embeddable":true,"href":"https:\/\/buechereien-engelskirchen.de\/index.php?rest_route=\/wp\/v2\/users\/1"}],"replies":[{"embeddable":true,"href":"https:\/\/buechereien-engelskirchen.de\/index.php?rest_route=%2Fwp%2Fv2%2Fcomments&post=49"}],"version-history":[{"count":7,"href":"https:\/\/buechereien-engelskirchen.de\/index.php?rest_route=\/wp\/v2\/pages\/49\/revisions"}],"predecessor-version":[{"id":4159,"href":"https:\/\/buechereien-engelskirchen.de\/index.php?rest_route=\/wp\/v2\/pages\/49\/revisions\/4159"}],"wp:attachment":[{"href":"https:\/\/buechereien-engelskirchen.de\/index.php?rest_route=%2Fwp%2Fv2%2Fmedia&parent=49"}],"wp:term":[{"taxonomy":"folder","embeddable":true,"href":"https:\/\/buechereien-engelskirchen.de\/index.php?rest_route=%2Fwp%2Fv2%2Ffolder&post=49"}],"curies":[{"name":"wp","href":"https:\/\/api.w.org\/{rel}","templated":true}]}}